{"id":6735,"date":"2025-05-30T13:11:43","date_gmt":"2025-05-30T11:11:43","guid":{"rendered":"https:\/\/fengchashop.com\/hu\/product\/bach-cseppek-tinnitus\/"},"modified":"2026-01-28T17:41:59","modified_gmt":"2026-01-28T16:41:59","slug":"bach-cseppek-tinnitus","status":"publish","type":"product","link":"https:\/\/fengchashop.com\/hu\/product\/bach-cseppek-tinnitus\/","title":{"rendered":"Bach cseppek F\u00fclz\u00fag\u00e1s"},"content":{"rendered":"<h2 style=\"text-align: justify;\"><span style=\"color: #000000;\">Bach-cseppek f\u00fclz\u00fag\u00e1s ellen<\/span><\/h2>\n<p><span style=\"color: #000000;\"><strong>A tinnitus<\/strong> (m\u00e1s n\u00e9ven \u201ef\u00fclz\u00fag\u00e1s\u201d) a f\u00fclben vagy a fejben \u00e9rz\u00e9kelt, k\u00fcls\u0151 forr\u00e1st\u00f3l f\u00fcggetlen hang. Az ebben szenved\u0151k gyakran hallanak cseng\u00e9st, z\u00fcmm\u00f6g\u00e9st, sziszeg\u00e9st, z\u00fcmm\u00f6g\u00e9st vagy pulz\u00e1l\u00f3 hangokat, annak ellen\u00e9re, hogy a k\u00f6rnyezetben nincs t\u00e9nyleges hang. De ez a ment\u00e1lis eg\u00e9szs\u00e9g\u00fcnket is befoly\u00e1solhatja. Ez\u00e9rt rendk\u00edv\u00fcl fontos, hogy seg\u00edts\u00fck egym\u00e1st az \u00e9rzelmi probl\u00e9m\u00e1k kezel\u00e9s\u00e9ben. Csak \u00edgy biztos\u00edthatod a nyugodt \u00e9rz\u00e9st \u00e9s n\u00f6velheted az \u00e9letenergi\u00e1dat. A Bach-cseppek seg\u00edthetnek ebben. Megvan a megfelel\u0151 megold\u00e1sunk az \u00d6n sz\u00e1m\u00e1ra.<\/span><\/p>\n<p><span style=\"color: #000000;\">Az els\u0151 eredm\u00e9nyeket m\u00e1r n\u00e9h\u00e1ny nap vagy h\u00e9t ut\u00e1n \u00e9szreveheti, egy\u00e9nenk\u00e9nt v\u00e1ltoz\u00f3an. Az elk\u00e9sz\u00edtett kever\u00e9k 30 napig el\u00e1ll, egyszer\u0171en k\u00f6zvetlen\u00fcl a sz\u00e1j\u00e1ba kenheti, vagy egy poh\u00e1r v\u00edzbe cseppentheti.<\/span><\/p>\n<p><span style=\"color: #000000;\"><strong>A f\u00fclz\u00fag\u00e1s okai:<\/strong><\/span><\/p>\n<ul>\n<li><span style=\"color: #000000;\">Hangos hangoknak val\u00f3 kitetts\u00e9g (koncertek, fejhallgat\u00f3).<\/span><\/li>\n<li><span style=\"color: #000000;\">Korral \u00f6sszef\u00fcgg\u0151 hall\u00e1sk\u00e1rosod\u00e1s.<\/span><\/li>\n<li><span style=\"color: #000000;\">Hall\u00e1sk\u00e1rosod\u00e1s vagy a bels\u0151 f\u00fcl k\u00e1rosod\u00e1sa.<\/span><\/li>\n<li><span style=\"color: #000000;\">Stressz, szorong\u00e1s vagy depresszi\u00f3.<\/span><\/li>\n<li><span style=\"color: #000000;\">A hall\u00f3j\u00e1rat elz\u00e1r\u00f3d\u00e1sa (p\u00e9ld\u00e1ul f\u00fclzs\u00edr miatt).<\/span><\/li>\n<li><span style=\"color: #000000;\">Bizonyos gy\u00f3gyszerek szed\u00e9se (p\u00e9ld\u00e1ul antibiotikumok vagy nagy d\u00f3zis\u00fa aszpirin).<\/span><\/li>\n<\/ul>\n<p>&nbsp;<\/p>\n<p><span style=\"color: #000000;\"><strong>A Bach-vir\u00e1gcsepp ter\u00e1pia seg\u00edt \u00e9rzelmileg megbirk\u00f3zni a f\u00fclz\u00fag\u00e1ssal, amely a k\u00f6vetkez\u0151 m\u00f3don hat r\u00e1nk:<\/strong><\/span><\/p>\n<ul>\n<li><span style=\"color: #000000;\">nyugodtabb,<\/span><\/li>\n<li><span style=\"color: #000000;\">kev\u00e9sb\u00e9 terheli a zavar\u00f3 hangok<\/span><\/li>\n<li><span style=\"color: #000000;\">\u00e9s k\u00f6nnyebb fenntartani a bels\u0151 egyens\u00falyt.<\/span><\/li>\n<\/ul>\n<p>&nbsp;<\/p>\n<h2><span style=\"color: #000000;\">Hogyan m\u0171k\u00f6dnek a Bach-cseppek?<\/span><\/h2>\n<p><span style=\"color: #000000;\">A Bach-cseppek hat\u00e9konyak az egy\u00e9n k\u00fcl\u00f6nf\u00e9le \u00e9rzelmi zavarai ellen, amelyek f\u00fclz\u00fag\u00e1shoz is vezethetnek. A Bach-cseppek k\u00fcl\u00f6nf\u00e9le kr\u00edzisekben \u00e9s neh\u00e9z \u00e9lethelyzetekben, megpr\u00f3b\u00e1ltat\u00e1sokban is seg\u00edtenek. Seg\u00edtenek megnyugodni \u00e9s meg\u0151rizni a higgadts\u00e1gunkat, mivel befoly\u00e1solj\u00e1k \u00e9rzelmi \u00e1llapotunkat \u00e9s seg\u00edtenek harmoniz\u00e1lni azt. A Bach-cseppek seg\u00edts\u00e9g\u00e9vel \u00e1tvehetj\u00fck az ir\u00e1ny\u00edt\u00e1st \u00e9rzelmeink felett, ez\u00e1ltal harm\u00f3ni\u00e1t teremthet\u00fcnk \u00e9s megtal\u00e1lhatjuk bels\u0151 b\u00e9k\u00e9nket.<\/span><\/p>\n<p style=\"text-align: justify;\"><span style=\"color: #000000;\">\u00c1t szeretn\u00e9 venni az ir\u00e1ny\u00edt\u00e1st \u00e9rzelmei felett, harm\u00f3ni\u00e1ra \u00e9s bels\u0151 b\u00e9k\u00e9re lelni? Ha legal\u00e1bb egy igennel v\u00e1laszolt, a Bach-vir\u00e1gesszenci\u00e1s ter\u00e1pia lehet a megfelel\u0151 megold\u00e1s a probl\u00e9m\u00e1ira.\u00a0<\/span><\/p>\n<p style=\"text-align: justify;\"><span style=\"color: #000000;\"><strong>K\u00fcldje el nek\u00fcnk a megoldani k\u00edv\u00e1nt probl\u00e9m\u00e1k r\u00f6vid le\u00edr\u00e1s\u00e1t.<\/strong><\/span><\/p>\n<p style=\"text-align: justify;\"><span style=\"color: #000000;\">Dr. Edvard Bach orvos \u00e9s homeopata 38 vir\u00e1gesszenci\u00e1t fedezett fel a k\u00fcl\u00f6nf\u00e9le \u00e9rzelmi \u00e1llapotok kezel\u00e9s\u00e9hez az 1930-as \u00e9vekben. A Bach-cseppek hat\u00e9konyan hatnak az egy\u00e9n k\u00fcl\u00f6nf\u00e9le \u00e9rzelmi neh\u00e9zs\u00e9gei ellen. A cseppeknek <strong>nincs mell\u00e9khat\u00e1suk<\/strong>, \u00e9s k\u00f6nnyen haszn\u00e1lhat\u00f3k. Seg\u00edtenek k\u00fcl\u00f6nf\u00e9le kr\u00edzishelyzetekben, neh\u00e9z \u00e9lethelyzetekben.<\/span><\/p>\n<p style=\"text-align: justify;\"><span style=\"color: #000000;\">Minden ember (terhes n\u0151k, id\u0151sek, gyerekek,&#8230;) \u00e9s \u00e1llat sz\u00e1m\u00e1ra alkalmasak. Nincsenek mell\u00e9khat\u00e1saik, nem lehet t\u00faladagolni \u00e9s nem okoznak f\u00fcgg\u0151s\u00e9get.\u00a0<\/span><\/p>\n<p style=\"text-align: justify;\"><span style=\"color: #000000;\">M\u00e1r n\u00e9h\u00e1ny nap vagy h\u00e9t ut\u00e1n \u00e9szre lehet venni az els\u0151 eredm\u00e9nyeket, ez egy\u00e9nt\u0151l f\u00fcgg.<\/span><\/p>\n<p style=\"text-align: justify;\"><span style=\"color: #000000;\">M\u00e1s gy\u00f3gyszerekre nincs hat\u00e1ssal.<\/span><\/p>\n<p style=\"text-align: justify;\"><span style=\"color: #000000;\">A Bach-cseppek seg\u00edts\u00e9g\u00e9vel \u00fajb\u00f3l uralkodunk \u00e9rzelmeink felett, megtal\u00e1ljuk a harm\u00f3ni\u00e1t \u00e9s a bels\u0151 b\u00e9k\u00e9t. A Bach cseppek kever\u00e9keit Dr. Bach m\u00f3dszer\u00e9vel k\u00e9sz\u00edtj\u00fck, \u00e9s <b>kiz\u00e1r\u00f3lag eredeti Bach-esszenci\u00e1kat haszn\u00e1lunk fel<\/b>.<\/span><\/p>\n<h2 style=\"text-align: justify;\"><span style=\"color: #000000;\">A cseppek kiv\u00e1laszt\u00e1sa<\/span><\/h2>\n<p style=\"text-align: justify;\"><span style=\"color: #000000;\">Egy okleveles Bach-tan\u00e1csad\u00f3 k\u00e9sz\u00edt \u00d6nnek egy speci\u00e1lis kever\u00e9ket a be\u00e9rkezett le\u00edr\u00e1s alapj\u00e1n. K\u00fcldj\u00f6n nek\u00fcnk egy e-mailt (info@fengcha.si) vagy pip\u00e1zza ki a fenti mez\u0151t, \u00e9s tegye a term\u00e9ket a kos\u00e1rba. Megrendel\u00e9se k\u00e9zhezv\u00e9tele ut\u00e1n elk\u00e9sz\u00edtj\u00fck szem\u00e9lyre szabott kever\u00e9k\u00e9t.<\/span><br \/>\n<span style=\"color: #000000;\">A cseppek kever\u00e9k\u00e9t<strong> k\u00e9zzel \u00e9s csomagol\u00e1s el\u0151tt k\u00e9sz\u00edtj\u00fck a sz\u00e1ll\u00edt\u00e1s napj\u00e1n.<\/strong><\/span><\/p>\n<h2><span style=\"color: #000000;\">T\u00e1rol\u00e1s<\/span><\/h2>\n<p><span style=\"color: #000000;\">Sz\u00e1raz \u00e9s s\u00f6t\u00e9t helyen, legfeljebb +25 \u00b0C h\u0151m\u00e9rs\u00e9kleten t\u00e1roland\u00f3.<\/span><\/p>\n<h2><span style=\"color: #000000;\">Mennyis\u00e9g<\/span><\/h2>\n<p><span style=\"color: #000000;\">30 ml (30 napos rendszeres bevitelhez elegend\u0151)<\/span><\/p>\n","protected":false},"excerpt":{"rendered":"<p><span style=\"color: #000000;\">A Bach cseppek hat\u00e9konyan hatnak az egy\u00e9n k\u00fcl\u00f6nf\u00e9le \u00e9rzelmi szorong\u00e1saira. Seg\u00edtenek k\u00fcl\u00f6nf\u00e9le kr\u00edzisekben \u00e9s neh\u00e9z \u00e9lethelyzetekben. Seg\u00edtenek megnyugodni is meg\u0151rizni a nyugalmat. Befoly\u00e1solj\u00e1k \u00e9rzelmi \u00e1llapotunkat \u00e9s seg\u00edtik annak harmoniz\u00e1l\u00e1s\u00e1t.<\/span><\/p>\n<p><span style=\"color: #000000;\">\ud83d\udc9a A cseppeket k\u00e9zzel, a sz\u00e1ll\u00edt\u00e1s napj\u00e1n csomagoljuk.<\/span><\/p>\n<p><span style=\"color: #000000;\">\ud83d\udc9a Minden embernek (terhes n\u0151k, id\u0151sek, gyerekek&#8230;) \u00e9s \u00e1llatnak alkalmasak.<\/span><\/p>\n<p><span style=\"color: #000000;\">\ud83d\udc9a Nincsenek mell\u00e9khat\u00e1saik, nem okoznak f\u00fcgg\u0151s\u00e9get \u00e9s nem lehet t\u00faladagolni.<\/span><\/p>\n<p><span style=\"color: #000000;\">\ud83d\udc9a N\u00e9h\u00e1ny nap vagy h\u00e9t ut\u00e1n m\u00e1r \u00e9szre lehet venni az els\u0151 eredm\u00e9nyeket, ez szem\u00e9lyenk\u00e9nt v\u00e1ltoz\u00f3.<\/span><\/p>\n<p><span style=\"color: #000000;\">\ud83d\udc9a M\u00e1s gy\u00f3gyszerekre nincs hat\u00e1ssal.<\/span><\/p>\n","protected":false},"featured_media":6619,"comment_status":"open","ping_status":"closed","template":"","meta":{"_acf_changed":false},"product_brand":[],"product_cat":[224,241,225],"product_tag":[],"class_list":{"0":"post-6735","1":"product","2":"type-product","3":"status-publish","4":"has-post-thumbnail","6":"product_cat-ajanlat","7":"product_cat-bach-cseppek","8":"product_cat-minden-termek","10":"first","11":"instock","12":"sale","13":"taxable","14":"shipping-taxable","15":"purchasable","16":"product-type-simple"},"acf":[],"_links":{"self":[{"href":"https:\/\/fengchashop.com\/hu\/wp-json\/wp\/v2\/product\/6735","targetHints":{"allow":["GET"]}}],"collection":[{"href":"https:\/\/fengchashop.com\/hu\/wp-json\/wp\/v2\/product"}],"about":[{"href":"https:\/\/fengchashop.com\/hu\/wp-json\/wp\/v2\/types\/product"}],"replies":[{"embeddable":true,"href":"https:\/\/fengchashop.com\/hu\/wp-json\/wp\/v2\/comments?post=6735"}],"wp:featuredmedia":[{"embeddable":true,"href":"https:\/\/fengchashop.com\/hu\/wp-json\/wp\/v2\/media\/6619"}],"wp:attachment":[{"href":"https:\/\/fengchashop.com\/hu\/wp-json\/wp\/v2\/media?parent=6735"}],"wp:term":[{"taxonomy":"product_brand","embeddable":true,"href":"https:\/\/fengchashop.com\/hu\/wp-json\/wp\/v2\/product_brand?post=6735"},{"taxonomy":"product_cat","embeddable":true,"href":"https:\/\/fengchashop.com\/hu\/wp-json\/wp\/v2\/product_cat?post=6735"},{"taxonomy":"product_tag","embeddable":true,"href":"https:\/\/fengchashop.com\/hu\/wp-json\/wp\/v2\/product_tag?post=6735"}],"curies":[{"name":"wp","href":"https:\/\/api.w.org\/{rel}","templated":true}]}}