{"id":6698,"date":"2025-05-30T13:11:22","date_gmt":"2025-05-30T11:11:22","guid":{"rendered":"https:\/\/fengchashop.com\/hu\/product\/guarana-por-bio-125-g\/"},"modified":"2025-07-28T13:16:51","modified_gmt":"2025-07-28T11:16:51","slug":"guarana-por-bio","status":"publish","type":"product","link":"https:\/\/fengchashop.com\/hu\/product\/guarana-por-bio\/","title":{"rendered":"Guarana por BIO 125 g"},"content":{"rendered":"<h2><span style=\"color: #000000;\">Guarana por BIO<\/span><\/h2>\n<p><span style=\"color: #000000;\">A guarana nagy jelent\u0151s\u00e9ggel b\u00edr Braz\u00edli\u00e1ban, ahol az <strong>\u00e9let elix\u00edrj\u00e9nek<\/strong> tartj\u00e1k, a helyiek az <strong>er\u0151vel<\/strong>, a <strong>rugalmass\u00e1ggal<\/strong> \u00e9s a <strong>hossz\u00fa \u00e9lettartammal<\/strong> t\u00e1rs\u00edtj\u00e1k, \u00e9s seg\u00edt a n\u0151knek a <strong>cellulit<\/strong> \u00e9s <strong>r\u00e1ncok<\/strong> <strong>n\u00e9lk\u00fcli<\/strong>, <strong>puha b\u0151r<\/strong> el\u00e9r\u00e9s\u00e9ben.<\/span><\/p>\n<p><span style=\"color: #000000;\">A guarana rendk\u00edv\u00fcl <strong>gazdag t\u00e1panyagokban<\/strong>. A <strong>fitokemik\u00e1li\u00e1k<\/strong> er\u0151s antioxid\u00e1nsok vagy \u00f6reged\u00e9sg\u00e1tl\u00f3k, \u00e9s seg\u00edtenek <strong>lass\u00edtani<\/strong>, <strong>megel\u0151zni<\/strong> vagy ak\u00e1r <strong>meg\u00e1ll\u00edtani sz\u00e1mos betegs\u00e9get<\/strong>. A guaran\u00e1ban tal\u00e1lunk egy olyan \u00f6sszetev\u0151t, amely seg\u00edt a <strong>zs\u00edr\u00e9get\u00e9sben<\/strong> \u00e9s egyes k\u00e9sz\u00edtm\u00e9nyekben <strong>a fogy\u00e1sban \u00e9s a cellulit elleni<\/strong> k\u00fczdelemben is, ez az \u00f6sszetev\u0151 <strong>a teobromin<\/strong>.<\/span><\/p>\n<p><span style=\"color: #000000;\">A guaranin a <strong>koffeinnel<\/strong> egyen\u00e9rt\u00e9k\u0171 \u00f6sszetev\u0151, az egyetlen k\u00fcl\u00f6nbs\u00e9g a kett\u0151 k\u00f6z\u00f6tt, hogy nem v\u00edzben old\u00f3dik \u00e9s <strong>nagyon lassan szabadul fel a v\u00e9r\u00e1ramba<\/strong>, hat\u00e1sa k\u00f6r\u00fclbel\u00fcl 6 \u00f3r\u00e1n \u00e1t tart, kellemesebb \u00e9rz\u00e9st \u00e9s tart\u00f3sabb hat\u00e1st biztos\u00edt <strong>stimul\u00e1nsk\u00e9nt<\/strong>. A guaranin <strong>cs\u00f6kkenti az \u00e9tv\u00e1gyat<\/strong>, a <strong>fizikai \u00e9s szellemi f\u00e1radts\u00e1got<\/strong>, serkent\u0151 hat\u00e1ssal van <strong>a k\u00f6zponti idegrendszer\u00fcnkre <\/strong>, \u00e9s a koffeinnel ellent\u00e9tben <strong>nincsenek mell\u00e9khat<\/strong>\u00e1sai.<\/span><\/p>\n<p><span style=\"color: #000000;\">A guaran\u00e1t <strong>nagyon kis adagokban<\/strong> kell fogyasztani, mivel <strong>k\u00e9tszer annyi koffeint<\/strong> tartalmaz, mint a k\u00e1v\u00e9, \u00edgy kiv\u00e1l\u00f3an helyettes\u00edtheti a k\u00e1v\u00e9t.<\/span><\/p>\n<p><span style=\"color: #000000;\">A guarana <strong>vizelethajt\u00f3<\/strong> is, ami seg\u00edt a k\u00fcl\u00f6nb\u00f6z\u0151 h\u00fagy\u00fati fert\u0151z\u00e9sek, a f\u00e1jdalmas menstru\u00e1ci\u00f3 \u00e9s a fejf\u00e1j\u00e1s eset\u00e9n. <strong>J\u00f3t\u00e9kony hat\u00e1ssal van a vastagb\u00e9lre<\/strong>, seg\u00edt cs\u00f6kkenteni a gyullad\u00e1sos b\u00e9lbetegs\u00e9gek k\u00f3ros \u00e9s kr\u00f3nikus t\u00fcneteit.<\/span><\/p>\n<p><span style=\"color: #000000;\">A guarana <em>(Paullinia cupana)<\/em> egy n\u00e9pszer\u0171 \u0151shonos n\u00f6v\u00e9ny, amely <strong>csak<\/strong> Braz\u00edlia \u00e9s Venezuela <strong>amaz\u00f3niai es\u0151erdei r\u00e9gi\u00f3iban n\u0151<\/strong>. Ez egy <strong>k\u00fasz\u00f3 \u00f6r\u00f6kz\u00f6ld cserje<\/strong>, amely els\u0151sorban <strong>v\u00f6r\u00f6sesbarna term\u00e9sei<\/strong> miatt n\u00e9pszer\u0171, amelyek alakjukban \u00e9s sz\u00edn\u00fckben a <strong>k\u00e1v\u00e9babra<\/strong> hasonl\u00edtanak, de bel\u00fcl <strong>fekete magokat<\/strong> tartalmaznak, amelyeket feh\u00e9r h\u00fcvely vesz k\u00f6r\u00fcl.<\/span><\/p>\n<h2><span style=\"color: #000000;\">Milyen kulcsfontoss\u00e1g\u00fa tulajdons\u00e1gokkal rendelkezik a guarana?<\/span><\/h2>\n<p><span style=\"color: #000000;\"> \ud83d\udc9a Cs\u00f6kkenti a <strong>fesz\u00fclts\u00e9get \u00e9s a f\u00e1radts\u00e1got<\/strong><\/span><\/p>\n<p><span style=\"color: #000000;\"> \ud83d\udc9a fokozza a <strong>v\u00e9rkering\u00e9st<\/strong><\/span><\/p>\n<p><span style=\"color: #000000;\"> \ud83d\udc9a n\u00f6veli az <strong>energi\u00e1t<\/strong><\/span><\/p>\n<p><span style=\"color: #000000;\"> \ud83d\udc9a fokozza <strong>az anyagcser\u00e9t<\/strong><\/span><\/p>\n<p><span style=\"color: #000000;\"> \ud83d\udc9a el\u0151seg\u00edti a <strong>fogy\u00e1st<\/strong> \u00e9s seg\u00edt a tests\u00faly ellen\u0151rz\u00e9s\u00e9ben<\/span><\/p>\n<p><span style=\"color: #000000;\"> \ud83d\udc9a n\u00f6veli a <strong>koncentr\u00e1ci\u00f3t<\/strong><\/span><\/p>\n<p><span style=\"color: #000000;\"> \ud83d\udc9a Enyh\u00edti a <strong>migr\u00e9nt \u00e9s a fejf\u00e1j\u00e1st<\/strong><\/span><\/p>\n<p><span style=\"color: #000000;\"> \ud83d\udc9a N\u00f6veli<strong> a libid\u00f3t<\/strong><\/span><\/p>\n<p><span style=\"color: #000000;\"><strong> \ud83d\udc9a n\u00f6veli az alacsony v\u00e9rnyom\u00e1st<\/strong><\/span><\/p>\n<p><span style=\"color: #000000;\"> \ud83d\udc9a seg\u00edt <strong>megtiszt\u00edtani a beleket<\/strong><\/span><\/p>\n<p><span style=\"color: #000000;\"> \ud83d\udc9a megv\u00e9di a szervezetet sz\u00e1mos betegs\u00e9gt\u0151l<\/span><\/p>\n<p><span style=\"color: #000000;\"><strong> \ud83d\udc9a \u00e9l\u00e9nk\u00edti a szervezetet<\/strong><\/span><\/p>\n<h2><span style=\"color: #000000;\">T\u00e1rol\u00e1s \u00e9s figyelmeztet\u00e9sek<\/span><\/h2>\n<p><span style=\"color: #000000;\">H\u0171v\u00f6s, sz\u00e1raz helyen, legfeljebb 25 \u00b0C-on t\u00e1rolja. Gyermekek el\u0151l elz\u00e1rva tartand\u00f3!<\/span><\/p>\n<p><span style=\"color: #000000;\">Ne feledje a v\u00e1ltozatos \u00e9trend \u00e9s az eg\u00e9szs\u00e9ges \u00e9letm\u00f3d fontoss\u00e1g\u00e1t, az \u00e9trend-kieg\u00e9sz\u00edt\u0151 teh\u00e1t nem helyettes\u00edti a kiegyens\u00falyozott \u00e9s v\u00e1ltozatos \u00e9trendet. Az aj\u00e1nlott napi mennyis\u00e9get vagy adagot nem szabad t\u00fall\u00e9pni. Terhes n\u0151knek \u00e9s szoptat\u00f3s any\u00e1knak nem aj\u00e1nlott a haszn\u00e1lata. A guarana fogyaszt\u00e1s\u00e1t\u00f3l a magas v\u00e9rnyom\u00e1sban \u00e9s sz\u00edvbetegs\u00e9gben szenved\u0151k sz\u00e1m\u00e1ra is \u00f3vakodnak.<\/span><\/p>\n<h2><span style=\"color: #000000;\">Csomagol\u00e1s<\/span><\/h2>\n<p><span style=\"color: #000000;\">Nem \u00e1tj\u00e1rhat\u00f3 cipz\u00e1ras tasak, amelyben a term\u00e9k meg\u0151rzi teljes frissess\u00e9g\u00e9t \u00e9s arom\u00e1j\u00e1t. A csomagol\u00e1s v\u00e9d a f\u00e9nyt\u0151l \u00e9s a leveg\u0151t\u0151l, mivel t\u00f6bb v\u00e9d\u0151r\u00e9tegb\u0151l \u00e1ll, amelyek meg\u0151rzik a tartalom tulajdons\u00e1gait.<\/span><\/p>\n<p><span style=\"color: #000000;\">A csomagol\u00e1s nagyon praktikus \u00e9s \u00fajrahasznos\u00edthat\u00f3.<\/span><\/p>\n<h2><span style=\"color: #000000;\">Sz\u00e1rmaz\u00e1si hely<\/span><\/h2>\n<p><span style=\"color: #000000;\">Braz\u00edlia<\/span><\/p>\n","protected":false},"excerpt":{"rendered":"<p align=\"JUSTIFY\">Braz\u00edli\u00e1ban a guaran\u00e1t az \u00e9let elix\u00edrj\u00e9nek tartj\u00e1k, a helyiek az er\u0151, a rugalmass\u00e1g \u00e9s a hossz\u00fa \u00e9let, a n\u0151k pedig a puha, cellulit- \u00e9s r\u00e1nctalan b\u0151rh\u00f6z t\u00e1rs\u00edtj\u00e1k. A fitokemik\u00e1li\u00e1k er\u0151s antioxid\u00e1nsok vagy \u00f6reged\u00e9sg\u00e1tl\u00f3k, \u00e9s seg\u00edtenek sz\u00e1mos betegs\u00e9g lass\u00edt\u00e1s\u00e1ban, megel\u0151z\u00e9s\u00e9ben vagy ak\u00e1r visszaford\u00edt\u00e1s\u00e1ban. A guaran\u00e1ban tal\u00e1lunk egy olyan \u00f6sszetev\u0151t, amely seg\u00edt a zs\u00edr\u00e9get\u00e9sben \u00e9s egyes k\u00e9sz\u00edtm\u00e9nyekben a karcs\u00fas\u00edt\u00e1sban \u00e9s a cellulit elleni k\u00fczdelemben is, ez az \u00f6sszetev\u0151 a teobromin.<\/p>\n<p align=\"JUSTIFY\"><span style=\"color: #000000;\">\ud83d\udc9a El\u0151seg\u00edti a fogy\u00e1st \u00e9s seg\u00edt a tests\u00faly ellen\u0151rz\u00e9s\u00e9ben.<\/span><br \/>\n<span style=\"color: #000000;\">\ud83d\udc9a Enyh\u00edti a migr\u00e9nt \u00e9s a fejf\u00e1j\u00e1st.<\/span><br \/>\n<span style=\"color: #000000;\">\ud83d\udc9a Cs\u00f6kkenti a fesz\u00fclts\u00e9get \u00e9s a f\u00e1radts\u00e1got.<\/span><br \/>\n<span style=\"color: #000000;\">\ud83d\udc9a Emeli az alacsony v\u00e9rnyom\u00e1st.<\/span><\/p>\n","protected":false},"featured_media":6699,"comment_status":"open","ping_status":"closed","template":"","meta":{"_acf_changed":false},"product_brand":[],"product_cat":[224,225,195],"product_tag":[],"class_list":{"0":"post-6698","1":"product","2":"type-product","3":"status-publish","4":"has-post-thumbnail","6":"product_cat-ajanlat","7":"product_cat-minden-termek","8":"product_cat-szuperelelmiszer","10":"first","11":"outofstock","12":"sale","13":"taxable","14":"shipping-taxable","15":"purchasable","16":"product-type-simple"},"acf":[],"_links":{"self":[{"href":"https:\/\/fengchashop.com\/hu\/wp-json\/wp\/v2\/product\/6698","targetHints":{"allow":["GET"]}}],"collection":[{"href":"https:\/\/fengchashop.com\/hu\/wp-json\/wp\/v2\/product"}],"about":[{"href":"https:\/\/fengchashop.com\/hu\/wp-json\/wp\/v2\/types\/product"}],"replies":[{"embeddable":true,"href":"https:\/\/fengchashop.com\/hu\/wp-json\/wp\/v2\/comments?post=6698"}],"wp:featuredmedia":[{"embeddable":true,"href":"https:\/\/fengchashop.com\/hu\/wp-json\/wp\/v2\/media\/6699"}],"wp:attachment":[{"href":"https:\/\/fengchashop.com\/hu\/wp-json\/wp\/v2\/media?parent=6698"}],"wp:term":[{"taxonomy":"product_brand","embeddable":true,"href":"https:\/\/fengchashop.com\/hu\/wp-json\/wp\/v2\/product_brand?post=6698"},{"taxonomy":"product_cat","embeddable":true,"href":"https:\/\/fengchashop.com\/hu\/wp-json\/wp\/v2\/product_cat?post=6698"},{"taxonomy":"product_tag","embeddable":true,"href":"https:\/\/fengchashop.com\/hu\/wp-json\/wp\/v2\/product_tag?post=6698"}],"curies":[{"name":"wp","href":"https:\/\/api.w.org\/{rel}","templated":true}]}}