{"id":6633,"date":"2022-02-06T21:25:00","date_gmt":"2022-02-06T20:25:00","guid":{"rendered":"https:\/\/fengchashop.com\/hu\/product\/bach-cseppek-elsosegely-allatoknak\/"},"modified":"2026-01-28T17:42:15","modified_gmt":"2026-01-28T16:42:15","slug":"bach-cseppek-elsosegely-allatoknak","status":"publish","type":"product","link":"https:\/\/fengchashop.com\/hu\/product\/bach-cseppek-elsosegely-allatoknak\/","title":{"rendered":"Bach cseppek Els\u0151seg\u00e9ly \u00e1llatoknak"},"content":{"rendered":"<h2 style=\"text-align: justify;\"><span style=\"color: #000000;\">Bach-cseppek els\u0151seg\u00e9ly \u00e1llatoknak<\/span><\/h2>\n<p style=\"text-align: justify;\"><span style=\"color: #000000;\">Sok h\u00e1zi\u00e1llatnak valamilyen okb\u00f3l probl\u00e9m\u00e1i vannak az egy\u00e9bk\u00e9nt teljesen norm\u00e1lis helyzetek kezel\u00e9s\u00e9vel. Legyen sz\u00f3 \u00e1llatorvosi l\u00e1togat\u00e1sr\u00f3l, mag\u00e1ny miatti szorong\u00e1sr\u00f3l, sz\u00e9trobban\u00f3 pet\u00e1rd\u00e1kr\u00f3l vagy egyszer\u0171 f\u00fcrd\u00e9sr\u0151l \u00e9s \u00e1pol\u00e1sr\u00f3l. A probl\u00e9ma id\u0151vel egyre s\u00falyosabb\u00e1 v\u00e1lhat. A Bach-vir\u00e1geszenci\u00e1k kever\u00e9ke egy igazi els\u0151seg\u00e9ly minden ilyen helyzetben, hogy a probl\u00e9ma az \u00e1llat \u00e9s a gazdi sz\u00e1m\u00e1ra ne v\u00e1ljon kontroll\u00e1lhatatlann\u00e1 \u00e9s nyomaszt\u00f3v\u00e1. A Bach-cseppek seg\u00edts\u00e9g\u00e9vel <strong>cs\u00f6kkentheti h\u00e1zikedvenc\u00e9n\u00e9l a fesz\u00fclts\u00e9get, a stresszt, a szorong\u00e1st, valamint jobban kontroll\u00e1lhatja a viselked\u00e9s\u00e9t<\/strong>.<\/span><\/p>\n<p style=\"text-align: justify;\"><span style=\"color: #000000;\">Az \u00e1llat tulajdonos\u00e1val vagy gondoz\u00f3j\u00e1val t\u00f6rt\u00e9nt egyeztet\u00e9s ut\u00e1n a Bach-terapeuta elk\u00e9sz\u00edt egy <b>k\u00fcl\u00f6nleges vir\u00e1gesszencia-kever\u00e9ket<\/b>. Teh\u00e1t friss kever\u00e9ket<strong> els\u0151seg\u00e9lyny\u00fajt\u00e1sra<\/strong>\u00a0(ment\u0151szer, rescue remedy). A kever\u00e9k 1 h\u00f3napig elegend\u0151 \u00e9s tart\u00f3s\u00edt\u00f3szerekt\u0151l mentes. A Bach-cseppekre kr\u00edzishelyzetekben van sz\u00fcks\u00e9g, <strong>csepegtesse az \u00e1llat nyelv\u00e9re <\/strong><strong>vagy<\/strong><strong> orr\u00e1ra<\/strong>.<\/span><\/p>\n<h2 style=\"text-align: justify;\"><span style=\"color: #000000;\">A Bach-cseppek m\u0171k\u00f6d\u00e9se<\/span><\/h2>\n<p style=\"text-align: justify;\"><span style=\"color: #000000;\">A Bach-cseppek hat\u00e9konyan hatnak <strong>az \u00e1llatok k\u00fcl\u00f6nf\u00e9le \u00e9rzelmi szorong\u00e1sai<\/strong> ellen. K\u00fcl\u00f6nb\u00f6z\u0151 kr\u00edzishelyzetekben \u00e9s neh\u00e9z \u00e9lethelyzetekben is seg\u00edtenek, mint p\u00e9ld\u00e1ul a betegs\u00e9g, az \u00faj k\u00f6rnyezet, az \u00faj tulajdonosok. Megnyugtatj\u00e1k az \u00e1llatot. A cseppek hat\u00e9konyan hatnak \u00e9rzelmi \u00e1llapotukra \u00e9s seg\u00edtenek annak harmoniz\u00e1l\u00e1s\u00e1ban.<\/span><\/p>\n<p style=\"text-align: justify;\"><span style=\"color: #000000;\">Az els\u0151seg\u00e9lyny\u00fajt\u00e1s \u00e1llatoknak <strong>hat\u00e1sos, amikor az \u00e1llat:<\/strong><\/span><\/p>\n<p><span style=\"color: #000000;\"><em>\u00a0 \u00a0 \u00a0\ud83d\udc9a p\u00e1nikol vagy szorong,<\/em><\/span><\/p>\n<p><span style=\"color: #000000;\"><em>\u00a0 \u00a0 \u00a0\ud83d\udc9a sz\u00fcks\u00e9gtelen\u00fcl agg\u00f3dik,<\/em><\/span><\/p>\n<p><span style=\"color: #000000;\"><em>\u00a0 \u00a0 \u00a0\ud83d\udc9a stresszes helyzettel kell szembes\u00fclnie (zaj, vihar, durran\u00e1sok, t\u0171zij\u00e1t\u00e9k&#8230;) vagy<\/em><\/span><\/p>\n<p><span style=\"color: #000000;\"><em>\u00a0 \u00a0 \u00a0\ud83d\udc9a traumatikus \u00e9lm\u00e9nyben volt r\u00e9sze (k\u00f6lt\u00f6z\u00e9s, t\u00e1mad\u00e1s, \u00e1llatorvosi l\u00e1togat\u00e1s&#8230;).<\/em>\u00a0<\/span><\/p>\n<p style=\"text-align: justify;\"><span style=\"color: #000000;\">A Bach-cseppek kever\u00e9keit Dr. Bach m\u00f3dszer\u00e9vel k\u00e9sz\u00edtj\u00fck, \u00e9s <b>kiz\u00e1r\u00f3lag eredeti Bach-esszenci\u00e1kat haszn\u00e1lunk fel<\/b>. A Bach cseppeket az \u00fcvegcs\u00e9b\u0151l a mell\u00e9kelt pipett\u00e1val kell kivenni, ami rendk\u00edv\u00fcl egyszer\u0171v\u00e9 teszi az adagol\u00e1st. Minden \u00e1llat sz\u00e1m\u00e1ra alkalmasak (kuty\u00e1k, macsk\u00e1k, lovak, madarak, h\u00f6rcs\u00f6g\u00f6k&#8230;). Nincsenek <strong>mell\u00e9khat\u00e1sok<\/strong>, \u00e9s nem lehet t\u00faladagolni.\u00a0<\/span><\/p>\n<p style=\"text-align: justify;\"><span style=\"color: #000000;\">A <b>\u00a0<\/b>kiv\u00e1lasztott kever\u00e9kb\u0151l <b>minden \u00fcveget k\u00e9zzel \u00e9s kik\u00fcld\u00e9s el\u0151tt t\u00f6lt\u00fcnk meg<\/b>.<\/span><\/p>\n<h2><span style=\"color: #000000;\">T\u00e1rol\u00e1s<\/span><\/h2>\n<p><span style=\"color: #000000;\">Sz\u00e1raz \u00e9s s\u00f6t\u00e9t helyen, legfeljebb +25 \u00b0C h\u0151m\u00e9rs\u00e9kleten t\u00e1roland\u00f3.<\/span><\/p>\n<h2><span style=\"color: #000000;\">Mennyis\u00e9g<\/span><\/h2>\n<p><span style=\"color: #000000;\">30 ml (30 napos rendszeres bevitelhez elegend\u0151)<\/span><\/p>\n","protected":false},"excerpt":{"rendered":"<p><span style=\"color: #000000;\">A Bach cseppek hat\u00e9konyan hatnak az egy\u00e9n k\u00fcl\u00f6nf\u00e9le \u00e9rzelmi szorong\u00e1saira. Seg\u00edtenek k\u00fcl\u00f6nf\u00e9le kr\u00edzisekben \u00e9s neh\u00e9z \u00e9lethelyzetekben. Seg\u00edtenek megnyugodni is meg\u0151rizni a nyugalmat.\u00a0<\/span><\/p>\n<p><span style=\"color: #000000;\">\ud83d\udc9a A cseppeket k\u00e9zzel, a sz\u00e1ll\u00edt\u00e1s napj\u00e1n csomagoljuk.<\/span><\/p>\n<p><span style=\"color: #000000;\">\ud83d\udc9a Minden embernek (terhes n\u0151k, id\u0151sek, gyerekek&#8230;) \u00e9s \u00e1llatnak alkalmasak.<\/span><\/p>\n<p><span style=\"color: #000000;\">\ud83d\udc9a Nincsenek mell\u00e9khat\u00e1saik, nem okoznak f\u00fcgg\u0151s\u00e9get \u00e9s nem lehet t\u00faladagolni.<\/span><\/p>\n<p><span style=\"color: #000000;\">\ud83d\udc9a N\u00e9h\u00e1ny nap vagy h\u00e9t ut\u00e1n m\u00e1r \u00e9szre lehet venni az els\u0151 eredm\u00e9nyeket, ez szem\u00e9lyenk\u00e9nt v\u00e1ltoz\u00f3.<\/span><\/p>\n<p><span style=\"color: #000000;\">\ud83d\udc9a M\u00e1s gy\u00f3gyszerekre nincs hat\u00e1ssal.<\/span><\/p>\n","protected":false},"featured_media":6619,"comment_status":"open","ping_status":"closed","template":"","meta":{"_acf_changed":false},"product_brand":[],"product_cat":[224,241,225],"product_tag":[],"class_list":{"0":"post-6633","1":"product","2":"type-product","3":"status-publish","4":"has-post-thumbnail","6":"product_cat-ajanlat","7":"product_cat-bach-cseppek","8":"product_cat-minden-termek","10":"first","11":"instock","12":"sale","13":"taxable","14":"shipping-taxable","15":"purchasable","16":"product-type-simple"},"acf":[],"_links":{"self":[{"href":"https:\/\/fengchashop.com\/hu\/wp-json\/wp\/v2\/product\/6633","targetHints":{"allow":["GET"]}}],"collection":[{"href":"https:\/\/fengchashop.com\/hu\/wp-json\/wp\/v2\/product"}],"about":[{"href":"https:\/\/fengchashop.com\/hu\/wp-json\/wp\/v2\/types\/product"}],"replies":[{"embeddable":true,"href":"https:\/\/fengchashop.com\/hu\/wp-json\/wp\/v2\/comments?post=6633"}],"wp:featuredmedia":[{"embeddable":true,"href":"https:\/\/fengchashop.com\/hu\/wp-json\/wp\/v2\/media\/6619"}],"wp:attachment":[{"href":"https:\/\/fengchashop.com\/hu\/wp-json\/wp\/v2\/media?parent=6633"}],"wp:term":[{"taxonomy":"product_brand","embeddable":true,"href":"https:\/\/fengchashop.com\/hu\/wp-json\/wp\/v2\/product_brand?post=6633"},{"taxonomy":"product_cat","embeddable":true,"href":"https:\/\/fengchashop.com\/hu\/wp-json\/wp\/v2\/product_cat?post=6633"},{"taxonomy":"product_tag","embeddable":true,"href":"https:\/\/fengchashop.com\/hu\/wp-json\/wp\/v2\/product_tag?post=6633"}],"curies":[{"name":"wp","href":"https:\/\/api.w.org\/{rel}","templated":true}]}}