{"id":6423,"date":"2022-05-27T15:00:16","date_gmt":"2022-05-27T13:00:16","guid":{"rendered":"https:\/\/fengchashop.com\/hu\/product\/zold-kave-orolt-bio-500-g\/"},"modified":"2026-04-28T10:47:28","modified_gmt":"2026-04-28T08:47:28","slug":"bio-zold-kavepor","status":"publish","type":"product","link":"https:\/\/fengchashop.com\/hu\/product\/bio-zold-kavepor\/","title":{"rendered":"BIO z\u00f6ld k\u00e1v\u00e9por 500 g"},"content":{"rendered":"<h2 style=\"text-align: justify\"><span style=\"color: #000000\">Mi az a z\u00f6ld k\u00e1v\u00e9?<\/span><\/h2>\n<p style=\"text-align: justify\"><span style=\"color: #000000\">A z\u00f6ld k\u00e1v\u00e9bab egyszer\u0171en a k\u00e1v\u00e9cserje p\u00f6rk\u00f6letlen babja. Ez\u00e9rt a z\u00f6ld k\u00e1v\u00e9 egy teljesen term\u00e9szetes term\u00e9k. \u00dagy kell elk\u00e9sz\u00edteni, mint egy k\u00f6z\u00f6ns\u00e9ges gy\u00f3gyte\u00e1t. \u00cdze is nagyon hasonl\u00edt a gy\u00f3gyte\u00e1hoz.<\/span><\/p>\n<p style=\"text-align: justify\"><span style=\"color: #000000\">A k\u00e1v\u00e9babokat speci\u00e1lisan v\u00e1logatj\u00e1k <strong>bio\u00fcltetv\u00e9nyeken<\/strong> \u00e9s k\u00fcl\u00f6nleges m\u00f3don \u0151rlik \u0151ket, hogy biztos\u00edts\u00e1k az optim\u00e1lis hat\u00e1st \u00e9s persze az \u00edzes\u00edt\u00e9st is az elk\u00e9sz\u00edt\u00e9s sor\u00e1n.<\/span><\/p>\n<p style=\"text-align: justify\"><span style=\"color: #000000\">A z\u00f6ld k\u00e1v\u00e9 egyre nagyobb n\u00e9pszer\u0171s\u00e9gnek \u00f6rvend a <strong>modern probl\u00e9m\u00e1kra gyakorolt pozit\u00edv hat\u00e1sai miatt<\/strong>: t\u00fals\u00faly, stressz, energiahi\u00e1ny \u00e9s \u00f6reged\u00e9s. \u00c9ppen ez\u00e9rt nem meglep\u0151, hogy ma is n\u00e9pszer\u0171 \u00e9s felkapott \u00e9tel.<\/span><\/p>\n<p style=\"text-align: justify\"><span style=\"color: #000000\">Z\u00f6ld k\u00e1v\u00e9nk min\u0151s\u00edtett bioterm\u00e9k, teljesen term\u00e9szetes \u00e9s adal\u00e9kanyagokt\u00f3l mentes.<\/span><\/p>\n<h2 style=\"text-align: justify\"><span style=\"color: #000000\">Mi a z\u00f6ld k\u00e1v\u00e9ban tal\u00e1lhat\u00f3 klorog\u00e9nsav \u00e9s hogyan m\u0171k\u00f6dik?<\/span><\/h2>\n<p style=\"text-align: justify\"><span style=\"color: #000000\">A klorog\u00e9nsav jelenl\u00e9te miatt a m\u00e1j le\u00e1ll\u00edtja a gl\u00fck\u00f3z kibocs\u00e1t\u00e1s\u00e1t a v\u00e9rbe. Szervezet\u00fcnk erre \u00fagy reag\u00e1l, hogy elkezdi felhaszn\u00e1lni a rakt\u00e1rozott zs\u00edrt. Javul az anyagcsere \u00e9s fokoz\u00f3dik a zs\u00edrveszt\u00e9s. M\u00e1s sz\u00f3val a klorog\u00e9nsav seg\u00edt a zs\u00edrrakt\u00e1rak el\u00e9get\u00e9s\u00e9ben a szervezetben, \u00e9s \u00edgy cs\u00f6kkenti a s\u00falyt.<\/span><\/p>\n<p style=\"text-align: justify\"><span style=\"color: #000000\">Egyes kutat\u00e1sok eredm\u00e9nyei szerint a z\u00f6ld k\u00e1v\u00e9 a magas v\u00e9rnyom\u00e1s megel\u0151z\u00e9s\u00e9re \u00e9s cs\u00f6kkent\u00e9s\u00e9re, a zs\u00edrold\u00f3 hormon m\u0171k\u00f6d\u00e9s\u00e9nek jav\u00edt\u00e1s\u00e1ra, a koleszterin- \u00e9s trigliceridszint cs\u00f6kkent\u00e9s\u00e9re is alkalmas.<\/span><\/p>\n<p style=\"text-align: justify\"><span style=\"color: #000000\">\u00c9s b\u00e1r a z\u00f6ld k\u00e1v\u00e9 f\u0151k\u00e9nt klorog\u00e9nsav\u00e1r\u00f3l \u00e9s fogy\u00f3k\u00far\u00e1s hat\u00e1s\u00e1r\u00f3l ismert, j\u00f3l helyettes\u00edtheti a hagyom\u00e1nyos k\u00e1v\u00e9t vagy te\u00e1t is.\u00a0<\/span><\/p>\n<h2 style=\"text-align: justify\"><span style=\"color: #000000\">Milyen \u00f6sszetev\u0151ket tartalmaz a z\u00f6ld k\u00e1v\u00e9, \u00e9s mik\u00e9nt hatnak?<\/span><\/h2>\n<p><span style=\"color: #000000\"><strong><em>\u00a0 \u00a0 \u00a0\ud83d\udc9a Koffein<\/em> <\/strong>\u2013 a z\u00f6ld k\u00e1v\u00e9 valamennyivel alacsonyabb koncentr\u00e1ci\u00f3ban tartalmaz koffeint. A kisebb mennyis\u00e9g\u0171 koffein a <strong>testi \u00e9s lelki f\u00e1radts\u00e1g<\/strong> ellen hat. A t\u00f6bb energia \u00e9s a jobb k\u00f6z\u00e9rzet \u00e9rdek\u00e9ben.\u00a0<\/span><\/p>\n<p><span style=\"color: #000000\"><em><strong>\u00a0 \u00a0 \u00a0\ud83d\udc9a Klorog\u00e9nsav<\/strong> <\/em> &#8211; seg\u00edti a zs\u00edrok felold\u00e1s\u00e1t, megakad\u00e1lyozza a cukor felsz\u00edv\u00f3d\u00e1s\u00e1t a gyomor-b\u00e9l traktusban \u00e9s szab\u00e1lyozza a v\u00e9rcukorszintet. A z\u00f6ld k\u00e1v\u00e9 seg\u00edthet a fogy\u00e1sban a klorog\u00e9nsavnak k\u00f6sz\u00f6nhet\u0151en. P\u00f6rk\u00f6l\u00e9ssel viszont a legt\u00f6bbet elveszti.<\/span><\/p>\n<p><span style=\"color: #000000\"><em><strong>\u00a0 \u00a0 \u00a0\ud83d\udc9a Antioxid\u00e1nsok<\/strong> <\/em>&#8211; elpuszt\u00edtj\u00e1k a szabad gy\u00f6k\u00f6ket, \u00e9s ezzel megakad\u00e1lyozhatj\u00e1k bizonyos betegs\u00e9gek el\u0151fordul\u00e1s\u00e1t. Emellett az antioxid\u00e1nsok az \u00f6reged\u00e9s ellen is hatnak, illetve g\u00e1tolj\u00e1k az \u00f6reged\u00e9st befoly\u00e1sol\u00f3 folyamatokat.<\/span><\/p>\n<p><span style=\"color: #000000\"><em><strong>\u00a0 \u00a0 \u00a0\ud83d\udc9a Egy\u00e9b<\/strong> <strong>\u00f6sszetev\u0151k<\/strong> <\/em>\u2013 B-komplex vitaminok, \u00e1sv\u00e1nyi anyagok, polifenolok. Minden, amire szervezet\u00fcnknek napi szinten sz\u00fcks\u00e9ge van. A B-komplex hozz\u00e1j\u00e1rul a norm\u00e1l pszichol\u00f3giai m\u0171k\u00f6d\u00e9shez, valamint a f\u00e1radts\u00e1g \u00e9s kimer\u00fclts\u00e9g cs\u00f6kkent\u00e9s\u00e9hez.<\/span><\/p>\n<h2 style=\"text-align: justify\"><span style=\"color: #000000\">Nem csak fogy\u00e1shoz<\/span><\/h2>\n<p style=\"text-align: justify\"><span style=\"color: #000000\">A z\u00f6ld k\u00e1v\u00e9 kellemes \u00e9lm\u00e9ny mindenkinek, aki szereti a j\u00f3 gy\u00f3gyte\u00e1kat. \u00cdze nagyon kellemes, \u00e9rdekes \u00e9s egyedi. A legt\u00f6bben a fogy\u00e1ssal asszoci\u00e1lj\u00e1k, de a z\u00f6ld k\u00e1v\u00e9t m\u00e1s c\u00e9lra is lehet fogyasztani, \u00e9s ha m\u00e9g valami m\u00e1st is tesz\u00fcnk a k\u00f6z\u00e9rzet\u00fcnk jav\u00edt\u00e1sa \u00e9rdek\u00e9ben, az m\u00e1r (legal\u00e1bb) k\u00e9t l\u00e9gy egy csap\u00e1sra. Komplex, antioxid\u00e1nsokkal, \u00e1sv\u00e1nyi anyagokkal, vitaminokkal \u00e9s polifenolokkal teli \u00f6sszet\u00e9tel\u00e9nek k\u00f6sz\u00f6nhet\u0151en pozit\u00edv hat\u00e1ssal lehet a v\u00e9rnyom\u00e1s cs\u00f6kkent\u00e9s\u00e9re, gyors\u00edtja az anyagcser\u00e9t, cs\u00f6kkenti a cukor felsz\u00edv\u00f3d\u00e1s\u00e1t \u00e9s lass\u00edtja az \u00f6reged\u00e9si folyamatokat.\u00a0<\/span><\/p>\n<h2 style=\"text-align: justify\"><span style=\"color: #000000\">Mikor aj\u00e1nlott z\u00f6ld k\u00e1v\u00e9t inni?<\/span><\/h2>\n<p style=\"text-align: justify\"><span style=\"color: #000000\">Koffeintartalma miatt nem aj\u00e1nljuk lefekv\u00e9s el\u0151tt, k\u00fcl\u00f6n\u00f6sen, ha a koffein jelent\u0151sen befoly\u00e1solja az \u00e9bers\u00e9g\u00e9t.\u00a0<\/span><\/p>\n<p style=\"text-align: justify\"><span style=\"color: #000000\">Egy\u00e9bk\u00e9nt term\u00e9szetesen b\u00e1rmilyen alkalomkor fogyaszthat\u00f3, ak\u00e1rcsak a szok\u00e1sos k\u00e1v\u00e9 vagy tea. A z\u00f6ld k\u00e1v\u00e9 egy \u00faj megszokott ital lehet a mindennapok sor\u00e1n. K\u00fcl\u00f6n\u00f6sen akkor j\u00f6n j\u00f3l, ha sz\u00fcks\u00e9g\u00fcnk van valamire, ami <strong>feldobja az energi\u00e1t \u00e9s a hangulatot<\/strong>.\u00a0<\/span><\/p>\n<p style=\"text-align: justify\"><span style=\"color: #000000\">Ha azonban a z\u00f6ld k\u00e1v\u00e9 seg\u00edts\u00e9g\u00e9vel kontroll alatt szeretn\u00e9nk tartani s\u00falyunkat \u00e9s leadni n\u00e9h\u00e1ny kilogrammot, akkor azt javasoljuk, hogy minden f\u0151\u00e9tkez\u00e9s el\u0151tt legal\u00e1bb 15 perccel igya meg. Csak \u00edgy fog \u00e9tv\u00e1gycs\u00f6kkent\u0151k\u00e9nt hatni. Fontos, hogy ne igya \u00e9tkez\u00e9s k\u00f6zben vagy ut\u00e1n.<\/span><\/p>\n<h2 style=\"text-align: justify\"><span style=\"color: #000000\">Mennyi z\u00f6ld k\u00e1v\u00e9t aj\u00e1nlott inni?<\/span><\/h2>\n<p style=\"text-align: justify\"><span style=\"color: #000000\">Ennek a term\u00e9szetes \u00e9s eg\u00e9szs\u00e9ges italnak az optim\u00e1lis hat\u00e1sainak el\u00e9r\u00e9s\u00e9hez, amely <strong>jav\u00edtja az \u00e1ltal\u00e1nos k\u00f6z\u00e9rzetet, energi\u00e1t ad<\/strong> \u00e9s nagy hasznunkra lehet <strong>fogy\u00e1skor<\/strong>, naponta legal\u00e1bb f\u00e9l litert meg kell inni. Lehet\u0151leg mindig frissen kell elk\u00e9sz\u00edteni.<\/span><\/p>\n<h2 style=\"text-align: justify\"><span style=\"color: #000000\">Hogyan csomagoljuk z\u00f6ld k\u00e1v\u00e9nkat \u00e9s hogyan kell t\u00e1rolni?<\/span><\/h2>\n<p style=\"text-align: justify\"><span style=\"color: #000000\">A z\u00f6ld k\u00e1v\u00e9<strong>l\u00e9gmentesen z\u00e1rhat\u00f3 tasakba van csomagolva<\/strong>, amelyben minden frissess\u00e9g\u00e9t meg\u0151rzi. A csomagol\u00e1s v\u00e9d a f\u00e9nyt\u0151l \u00e9s a leveg\u0151t\u0151l, mivel t\u00f6bb v\u00e9delmi r\u00e9tegb\u0151l \u00e1ll, amelyek meg\u0151rzik a tartalom tulajdons\u00e1gait. Az \u00edgy csomagolt z\u00f6ld k\u00e1v\u00e9t sz\u00e1raz, s\u00f6t\u00e9t \u00e9s h\u0171v\u00f6s helyen kell t\u00e1rolni. Gy\u0151z\u0151dj\u00f6n meg r\u00f3la, hogy a tasak <strong>mindig j\u00f3l le legyen z\u00e1rva<\/strong>.<\/span><\/p>\n<p style=\"text-align: justify\"><span style=\"color: #000000\">A csomagol\u00e1s nagyon praktikus \u00e9s \u00fajrahasznos\u00edthat\u00f3.<\/span><\/p>\n<h2><span style=\"color: #000000\">Sz\u00e1rmaz\u00e1s<\/span><\/h2>\n<p style=\"text-align: justify\">D\u00e9l-Amerika<\/p>\n","protected":false},"excerpt":{"rendered":"<p>A z\u00f6ld k\u00e1v\u00e9bab egyszer\u0171en a k\u00e1v\u00e9cserje p\u00f6rk\u00f6letlen babja. Ez\u00e9rt a z\u00f6ld k\u00e1v\u00e9 egy teljesen term\u00e9szetes term\u00e9k. \u00dagy kell elk\u00e9sz\u00edteni, mint egy k\u00f6z\u00f6ns\u00e9ges gy\u00f3gyte\u00e1t. \u00cdze is nagyon hasonl\u00edt a gy\u00f3gyte\u00e1hoz. A z\u00f6ld k\u00e1v\u00e9 tartalma:<br \/>\n\ud83d\udc9a koffein \u2013 valamivel alacsonyabb koncentr\u00e1ci\u00f3ban tartalmaz koffeint. A kis mennyis\u00e9g\u0171 koffein a fizikai \u00e9s szellemi f\u00e1radts\u00e1g ellen hat. T\u00f6bb energia \u00e9s jobb k\u00f6z\u00e9rzet \u00e9rdek\u00e9ben.<br \/>\n\ud83d\udc9aKlorog\u00e9nsav &#8211; seg\u00edti a zs\u00edrok felold\u00e1s\u00e1t \u00e9s megakad\u00e1lyozza a cukor felsz\u00edv\u00f3d\u00e1s\u00e1t a gyomor-b\u00e9l traktusban \u00e9s szab\u00e1lyozza a v\u00e9rcukorszintet. A z\u00f6ld k\u00e1v\u00e9 seg\u00edthet a fogy\u00e1sban a klorog\u00e9nsavnak k\u00f6sz\u00f6nhet\u0151en. P\u00f6rk\u00f6l\u00e9ssel viszont a legt\u00f6bbet elveszti.<br \/>\n\ud83d\udc9aAntioxid\u00e1nsok \u2013 elpuszt\u00edtj\u00e1k a szabad gy\u00f6k\u00f6ket, \u00edgy megel\u0151zhetik bizonyos betegs\u00e9gek el\u0151fordul\u00e1s\u00e1t. Emellett az antioxid\u00e1nsok az \u00f6reged\u00e9s ellen is hatnak, illetve g\u00e1tolj\u00e1k az \u00f6reged\u00e9st befoly\u00e1sol\u00f3 folyamatokat.<br \/>\n\ud83d\udc9a Egy\u00e9b \u00f6sszetev\u0151k \u2013 B-komplex vitaminok, \u00e1sv\u00e1nyi anyagok, polifenolok. Minden, amire szervezet\u00fcnknek napi szinten sz\u00fcks\u00e9ge van. A B-komplex hozz\u00e1j\u00e1rul a norm\u00e1l pszichol\u00f3giai m\u0171k\u00f6d\u00e9shez, valamint a f\u00e1radts\u00e1g \u00e9s kimer\u00fclts\u00e9g cs\u00f6kkent\u00e9s\u00e9hez.<\/p>\n","protected":false},"featured_media":6424,"comment_status":"open","ping_status":"closed","template":"","meta":{"_acf_changed":false},"product_brand":[],"product_cat":[224,225,205],"product_tag":[],"class_list":{"0":"post-6423","1":"product","2":"type-product","3":"status-publish","4":"has-post-thumbnail","6":"product_cat-ajanlat","7":"product_cat-minden-termek","8":"product_cat-tea-es-etelek-es-fuszerek","10":"first","11":"instock","12":"taxable","13":"shipping-taxable","14":"purchasable","15":"product-type-simple"},"acf":[],"_links":{"self":[{"href":"https:\/\/fengchashop.com\/hu\/wp-json\/wp\/v2\/product\/6423","targetHints":{"allow":["GET"]}}],"collection":[{"href":"https:\/\/fengchashop.com\/hu\/wp-json\/wp\/v2\/product"}],"about":[{"href":"https:\/\/fengchashop.com\/hu\/wp-json\/wp\/v2\/types\/product"}],"replies":[{"embeddable":true,"href":"https:\/\/fengchashop.com\/hu\/wp-json\/wp\/v2\/comments?post=6423"}],"wp:featuredmedia":[{"embeddable":true,"href":"https:\/\/fengchashop.com\/hu\/wp-json\/wp\/v2\/media\/6424"}],"wp:attachment":[{"href":"https:\/\/fengchashop.com\/hu\/wp-json\/wp\/v2\/media?parent=6423"}],"wp:term":[{"taxonomy":"product_brand","embeddable":true,"href":"https:\/\/fengchashop.com\/hu\/wp-json\/wp\/v2\/product_brand?post=6423"},{"taxonomy":"product_cat","embeddable":true,"href":"https:\/\/fengchashop.com\/hu\/wp-json\/wp\/v2\/product_cat?post=6423"},{"taxonomy":"product_tag","embeddable":true,"href":"https:\/\/fengchashop.com\/hu\/wp-json\/wp\/v2\/product_tag?post=6423"}],"curies":[{"name":"wp","href":"https:\/\/api.w.org\/{rel}","templated":true}]}}