{"id":6082,"date":"2022-03-03T22:27:36","date_gmt":"2022-03-03T21:27:36","guid":{"rendered":"https:\/\/fengchashop.com\/hu\/product\/arpafu-por-bio-250-g\/"},"modified":"2026-04-30T03:04:10","modified_gmt":"2026-04-30T01:04:10","slug":"arpafu-por-bio","status":"publish","type":"product","link":"https:\/\/fengchashop.com\/hu\/product\/arpafu-por-bio\/","title":{"rendered":"\u00c1rpaf\u0171 por BIO 250 g"},"content":{"rendered":"<h2><span style=\"color: #000000\">\u00c1rpaf\u0171 por BIO<\/span><\/h2>\n<p><span style=\"color: #000000\">M\u00e1r az egyiptomiak, r\u00f3maiak \u00e9s vikingek hatalmas civiliz\u00e1ci\u00f3i is ismert\u00e9k az \u00e1rpaf\u0171 el\u0151nyeit. Az eur\u00f3pai t\u00e9rs\u00e9gb\u0151l sz\u00e1rmazik, \u00e9s az emberi szervezet k\u00f6nnyen lebontja, aminek k\u00f6sz\u00f6nhet\u0151en hat\u00e9konyan tudja hasznos\u00edtani a mikrot\u00e1panyagokat a sz\u00fcks\u00e9gletei ell\u00e1t\u00e1s\u00e1ra. Rendk\u00edv\u00fcl gyorsan em\u00e9szt\u0151dik, \u00e9s lenyel\u00e9s ut\u00e1n a t\u00e1panyagok nagyon gyorsan felsz\u00edv\u00f3dnak. Sz\u00e1mos fitokemik\u00e1li\u00e1t is tartalmaz, amelyek megv\u00e9dik szervezet\u00fcnket a szennyez\u00e9st\u0151l \u00e9s a sug\u00e1rz\u00e1st\u00f3l.<\/span><\/p>\n<p><span style=\"color: #000000\">Az \u00e1rpaf\u00fcv\u00fcnk <strong>\u00f6kol\u00f3giai termel\u00e9sb\u0151l. sz\u00e1rmazik.<\/strong><\/span><\/p>\n<h2><span style=\"color: #000000\">Milyen hat\u00e1sai vannak az \u00e1rpaf\u0171 szed\u00e9s\u00e9nek?<\/span><\/h2>\n<p><span style=\"color: #000000\"><strong>Az \u00e1rpaf\u0171 gazdag hat\u00f3anyag-profilja ilyen j\u00f3t\u00e9kony hat\u00e1sokkal b\u00edr:<\/strong><\/span><\/p>\n<p><span style=\"color: #000000\">\ud83d\udc9a az emberi szervezet tiszt\u00edt\u00e1sa, m\u00e9regtelen\u00edt\u00e9se,<\/span><br \/>\n<span style=\"color: #000000\">\ud83d\udc9a jav\u00edtja a b\u0151r \u00e1llapot\u00e1t,<\/span><br \/>\n<span style=\"color: #000000\">\ud83d\udc9a eg\u00e9szs\u00e9ges fogy\u00e1s,<\/span><br \/>\n<span style=\"color: #000000\">\ud83d\udc9a f\u00e1radts\u00e1g cs\u00f6kkent\u00e9se,<\/span><br \/>\n<span style=\"color: #000000\">\ud83d\udc9a az em\u00e9szt\u00e9s jav\u00edt\u00e1sa \u00e9s szab\u00e1lyoz\u00e1sa,<\/span><br \/>\n<span style=\"color: #000000\">\ud83d\udc9a gyullad\u00e1scs\u00f6kkent\u0151<\/span><br \/>\n<span style=\"color: #000000\">\ud83d\udc9a v\u00e9rszeg\u00e9nys\u00e9gi probl\u00e9m\u00e1k javul\u00e1sa,<\/span><br \/>\n<span style=\"color: #000000\">\ud83d\udc9a a v\u00e9r kalciumszintj\u00e9nek szab\u00e1lyoz\u00e1sa \u00e9s a kalcium lerak\u00f3d\u00e1sok felold\u00e1sa a csontokon.<\/span><\/p>\n<p><span style=\"color: #000000\">Az \u00e1rpaf\u0171 a <strong>vitaminok, \u00e1sv\u00e1nyi anyagok \u00e9s egy\u00e9b fontos t\u00e1panyagok val\u00f3di kincsesb\u00e1ny\u00e1ja.<\/strong> Er\u0151sen l\u00fagos hat\u00e1ssal van a szervezetre, amit\u0151l javul az \u00e1ltal\u00e1nos k\u00f6z\u00e9rzet. Rendszeres fogyaszt\u00e1sa cs\u00f6kkentheti a v\u00e9r koleszterinszintj\u00e9t \u00e9s a szabad gy\u00f6k\u00f6k szintj\u00e9t.<\/span><\/p>\n<p><span style=\"color: #000000\">Az \u00e1rpaf\u0171<strong> rendk\u00edv\u00fcl gazdag klorofillban<\/strong>, ami pont olyan fontos a n\u00f6v\u00e9nyeknek, mint a v\u00e9r az \u00e1llatoknak. A hemoglobinhoz hasonl\u00f3 molekulaszerkezettel rendelkezik, \u00edgy helyre\u00e1ll\u00edtja \u00e9s tiszt\u00edtja a v\u00e9rt \u00e9s az eg\u00e9sz szervezetet. 11-szer t\u00f6bb kalciumot \u00e9s 30-szor t\u00f6bb B1-vitamint tartalmaz, mint a teh\u00e9ntej, 5-sz\u00f6r t\u00f6bb vasat \u00e9s 7-szer t\u00f6bb karotint, mint a spen\u00f3t, \u00e9s 7-szer t\u00f6bb C-vitamint, mint a narancs. 100g \u00e1rpaf\u0171 80 mikrogramm B12-vitamint is tartalmaz, amib\u0151l egyre t\u00f6bb embernek van hi\u00e1nya.<\/span><\/p>\n<p><span style=\"color: #000000\">A vitaminokon \u00e9s sok \u00e1sv\u00e1nyi anyagon k\u00edv\u00fcl az \u00e1rpaf\u0171<strong> esszenci\u00e1lis aminosavakat<\/strong> is tartalmaz, amelyek a feh\u00e9rj\u00e9k \u00e9p\u00edt\u0151k\u00f6vei. <strong>Poliszacharid \u00df-gl\u00fck\u00e1nt<\/strong> is tartalmaz, amely cs\u00f6kkenti a rossz koleszterin szintj\u00e9t \u00e9s er\u0151s\u00edti az immunrendszer v\u00e9dekez\u0151 mechanizmus\u00e1t. <strong>Antioxid\u00e1ns hat\u00e1s\u00fa<\/strong> \u00e9s sikeresen k\u00fczd a szervezetben l\u00e9v\u0151 vesz\u00e9lyes szabad gy\u00f6k\u00f6k ellen. Az \u00f6sszes t\u00e1panyag hasznosul\u00e1s\u00e1hoz hozz\u00e1j\u00e1rulnak az \u00e1rpaf\u0171ben tal\u00e1lhat\u00f3 <strong>enzimek<\/strong> is, ez\u00e9rt rendk\u00edv\u00fcl fontos, hogy az \u00e1rpaf\u0171por ne legyen 40\u00b0C feletti h\u0151m\u00e9rs\u00e9kleten sz\u00e1r\u00edtva.<\/span><\/p>\n<h2><span style=\"color: #000000\">T\u00e1rol\u00e1s \u00e9s figyelmeztet\u00e9sek<\/span><\/h2>\n<p><span style=\"color: #000000\">Sz\u00e1raz \u00e9s h\u0171v\u00f6s helyen, legfeljebb 25 \u00b0C h\u0151m\u00e9rs\u00e9kleten t\u00e1roland\u00f3. A t\u00e1pl\u00e1l\u00e9k-kieg\u00e9sz\u00edt\u0151t gyermekekt\u0151l elz\u00e1rva kell tartani!<\/span><\/p>\n<p><span style=\"color: #000000\">Ne feledkezz\u00fcnk meg a v\u00e1ltozatos \u00e9trend \u00e9s az eg\u00e9szs\u00e9ges \u00e9letm\u00f3d fontoss\u00e1g\u00e1r\u00f3l, az \u00e9trend-kieg\u00e9sz\u00edt\u0151 ez\u00e9rt nem helyettes\u00edti a kiegyens\u00falyozott \u00e9s v\u00e1ltozatos \u00e9trendet. Az aj\u00e1nlott napi mennyis\u00e9get vagy adagot nem szabad t\u00fall\u00e9pni. Terhes \u00e9s szoptat\u00f3 any\u00e1knak mindig tan\u00e1csos orvoshoz fordulni haszn\u00e1lat el\u0151tt.<\/span><\/p>\n<h2><span style=\"color: #000000\">Csomagol\u00e1s<\/span><\/h2>\n<p><span style=\"color: #000000\">L\u00e9gmentesen z\u00e1rhat\u00f3 tasak, amelyben a term\u00e9k meg\u0151rzi minden frissess\u00e9g\u00e9t \u00e9s arom\u00e1j\u00e1t. A csomagol\u00e1s v\u00e9d a f\u00e9nyt\u0151l \u00e9s a leveg\u0151t\u0151l, mivel t\u00f6bb v\u00e9delmi r\u00e9tegb\u0151l \u00e1ll, amelyek meg\u0151rzik a tartalom tulajdons\u00e1gait.<\/span><\/p>\n<p><span style=\"color: #000000\">A csomagol\u00e1s nagyon praktikus \u00e9s lehet\u0151v\u00e9 teszi az \u00fajrahasznos\u00edt\u00e1st.<\/span><\/p>\n<p><span style=\"color: #000000\">J\u00f3 tudni<\/span><br \/>\n<span style=\"color: #000000\">A term\u00e9k \u00e1llatok sz\u00e1m\u00e1ra is alkalmas. Kiv\u00e1l\u00f3 forr\u00e1sa a vitaminoknak, \u00e1sv\u00e1nyi anyagoknak \u00e9s egy\u00e9b t\u00e1panyagoknak. Haszn\u00e1lat el\u0151tt konzult\u00e1ljon \u00e1llatorvos\u00e1val a fogyaszt\u00e1s megfelel\u0151s\u00e9g\u00e9r\u0151l \u00e9s az aj\u00e1nlott napi mennyis\u00e9gr\u0151l.<\/span><\/p>\n<h2><span style=\"color: #000000\">Sz\u00e1rmaz\u00e1si orsz\u00e1g<\/span><\/h2>\n<p><span style=\"color: #000000\">EU (N\u00e9metorsz\u00e1g vagy Hollandia)<\/span><\/p>\n","protected":false},"excerpt":{"rendered":"<p>M\u00e1r az egyiptomiak, r\u00f3maiak \u00e9s vikingek hatalmas civiliz\u00e1ci\u00f3i is ismert\u00e9k az \u00e1rpaf\u0171 el\u0151nyeit. Az eur\u00f3pai t\u00e9rs\u00e9gb\u0151l sz\u00e1rmazik, \u00e9s az emberi szervezet k\u00f6nnyen lebontja, aminek k\u00f6sz\u00f6nhet\u0151en hat\u00e9konyan tudja hasznos\u00edtani a mikrot\u00e1panyagokat a sz\u00fcks\u00e9gletei ell\u00e1t\u00e1s\u00e1ra. Rendk\u00edv\u00fcl gyorsan em\u00e9szt\u0151dik, \u00e9s lenyel\u00e9s ut\u00e1n a t\u00e1panyagok nagyon gyorsan felsz\u00edv\u00f3dnak. Sz\u00e1mos fitokemik\u00e1li\u00e1t is tartalmaz, amelyek megv\u00e9dik szervezet\u00fcnket a szennyez\u00e9st\u0151l \u00e9s a sug\u00e1rz\u00e1st\u00f3l.<\/p>\n<p>\ud83d\udc9a Tiszt\u00edtja a v\u00e9rt \u00e9s m\u00e9regtelen\u00edti a szervezetet.<br \/>\n\ud83d\udc9a Jav\u00edtja a v\u00e9rszeg\u00e9nys\u00e9g okozta probl\u00e9m\u00e1kat.<br \/>\n\ud83d\udc9a Seg\u00edt a fogy\u00e1sban.<br \/>\n\ud83d\udc9a Gazdag klorofillforr\u00e1s.<\/p>\n","protected":false},"featured_media":6083,"comment_status":"open","ping_status":"closed","template":"","meta":{"_acf_changed":false},"product_brand":[],"product_cat":[224,222,225,195],"product_tag":[],"class_list":{"0":"post-6082","1":"product","2":"type-product","3":"status-publish","4":"has-post-thumbnail","6":"product_cat-ajanlat","7":"product_cat-algak-es-fuvek","8":"product_cat-minden-termek","9":"product_cat-szuperelelmiszer","11":"first","12":"instock","13":"sale","14":"taxable","15":"shipping-taxable","16":"purchasable","17":"product-type-simple"},"acf":[],"_links":{"self":[{"href":"https:\/\/fengchashop.com\/hu\/wp-json\/wp\/v2\/product\/6082","targetHints":{"allow":["GET"]}}],"collection":[{"href":"https:\/\/fengchashop.com\/hu\/wp-json\/wp\/v2\/product"}],"about":[{"href":"https:\/\/fengchashop.com\/hu\/wp-json\/wp\/v2\/types\/product"}],"replies":[{"embeddable":true,"href":"https:\/\/fengchashop.com\/hu\/wp-json\/wp\/v2\/comments?post=6082"}],"wp:featuredmedia":[{"embeddable":true,"href":"https:\/\/fengchashop.com\/hu\/wp-json\/wp\/v2\/media\/6083"}],"wp:attachment":[{"href":"https:\/\/fengchashop.com\/hu\/wp-json\/wp\/v2\/media?parent=6082"}],"wp:term":[{"taxonomy":"product_brand","embeddable":true,"href":"https:\/\/fengchashop.com\/hu\/wp-json\/wp\/v2\/product_brand?post=6082"},{"taxonomy":"product_cat","embeddable":true,"href":"https:\/\/fengchashop.com\/hu\/wp-json\/wp\/v2\/product_cat?post=6082"},{"taxonomy":"product_tag","embeddable":true,"href":"https:\/\/fengchashop.com\/hu\/wp-json\/wp\/v2\/product_tag?post=6082"}],"curies":[{"name":"wp","href":"https:\/\/api.w.org\/{rel}","templated":true}]}}