{"id":6010,"date":"2022-02-22T10:17:16","date_gmt":"2022-02-22T09:17:16","guid":{"rendered":"https:\/\/fengchashop.com\/hu\/product\/polyporus-umbellatus-vad-bio-125-g\/"},"modified":"2026-04-29T06:19:08","modified_gmt":"2026-04-29T04:19:08","slug":"polyporus-umbellatus-vad-bio","status":"publish","type":"product","link":"https:\/\/fengchashop.com\/hu\/product\/polyporus-umbellatus-vad-bio\/","title":{"rendered":"Polyporus umbellatus vad BIO 125 g"},"content":{"rendered":"<h2><span style=\"color: #000000\">Polyporus umbellatus vad BIO por <\/span><\/h2>\n<p><span style=\"color: #000000\">A Polyporus umbellatus, magyarul t\u00fcskegomba egy ehet\u0151, de v\u00e9dett gomba, kin\u00e9zete a karfiolhoz hasonl\u00edt. Magyarul<strong> t\u00fcskegomb\u00e1nak nevezz\u00fck<\/strong>. A f\u00f6ld feletti felsz\u00edn\u00e9n l\u00e9v\u0151 r\u00e9sz (a riz\u00f3m\u00e1k) f\u0151z\u00e9sre szolg\u00e1l, a f\u00f6ld alatti r\u00e9sz (a szkler\u00f3cium) pedig gy\u00f3gyhat\u00e1s\u00fa. Egy sokat kutatott gy\u00f3gygomba, mivel sz\u00e1mos olyan <strong>bioakt\u00edv vegy\u00fcletet<\/strong> tartalmaz, amelyek bizony\u00edtottan daganat- \u00e9s r\u00e1kellenes hat\u00e1ssal rendelkeznek. \u00c9ppen ez\u00e9rt gyakran megtal\u00e1lhat\u00f3 k\u00fcl\u00f6nf\u00e9le gy\u00f3gyszerek \u00e9s t\u00e1pl\u00e1l\u00e9k-kieg\u00e9sz\u00edt\u0151k \u00f6sszetev\u0151jek\u00e9nt. A t\u00fcskegomba<strong> kiv\u00e1l\u00f3 antioxid\u00e1ns forr\u00e1s<\/strong> is, amelyek elt\u00e1vol\u00edtj\u00e1k a szabad gy\u00f6k\u00f6ket, ez\u00e1ltal <strong>jav\u00edtva az immunrendszer m\u0171k\u00f6d\u00e9s\u00e9t<\/strong>, valamint <strong> antimikrobi\u00e1lis hat\u00e1s\u00faak is<\/strong>. Gy\u00f3gy\u00e1szati c\u00e9lokra els\u0151sorban a hagyom\u00e1nyos k\u00ednai gy\u00f3gy\u00e1szatban haszn\u00e1lj\u00e1k vizelethajt\u00f3k\u00e9nt a k\u00e1rosodott vese- \u00e9s m\u00e1jm\u0171k\u00f6d\u00e9ssel, v\u00edzvisszatart\u00e1ssal, duzzanattal, valamint hasmen\u00e9ssel, s\u00e1rgas\u00e1ggal kapcsolatos probl\u00e9m\u00e1k megel\u0151z\u00e9s\u00e9re vagy kezel\u00e9s\u00e9re, valamint h\u00fcvelyi foly\u00e1s \u00e9s f\u00e1jdalmas vizel\u00e9s kezel\u00e9s\u00e9re. A k\u00ednaikn\u00e1l term\u00e9szetes antibiotikumnak is tekintik. A tud\u00f3sok meger\u0151s\u00edtett\u00e9k a vizelethajt\u00f3 hat\u00e1st \u00e9s a ves\u00e9re \u00e9s a m\u00e1jra gyakorolt j\u00f3t\u00e9kony hat\u00e1s\u00e1t is. Ezenk\u00edv\u00fcl serkenti az immunrendszert, \u00e9s t\u00f6k\u00e9letesen funkcion\u00e1l a kemoter\u00e1pia t\u00e1mogat\u00f3jak\u00e9nt a r\u00e1k kezel\u00e9se sor\u00e1n.<\/span><\/p>\n<p><span style=\"color: #000000\">A Polyporus umbellatus gomb\u00e1nk termeszt\u00e9se szigor\u00faan ellen\u0151rz\u00f6tt, vegyszerek vagy n\u00f6v\u00e9nyv\u00e9d\u0151 szerek haszn\u00e1lata n\u00e9lk\u00fcl folyik \u00e9s <strong>100% bio<\/strong>.\u00a0<\/span><\/p>\n<h2><span style=\"color: #000000\">Mit tartalmaz \u00e9s kinek val\u00f3?<\/span><\/h2>\n<p><span style=\"color: #000000\">Az Agaricus blazei k\u00fcl\u00f6nf\u00e9le poliszacharidokb\u00f3l, vitaminokb\u00f3l, \u00e1sv\u00e1nyi s\u00f3kb\u00f3l \u00e9s egy\u00e9b antioxid\u00e1nsokb\u0151l \u00e1ll \u00f6ssze. A gomb\u00e1ban tal\u00e1lhat\u00f3 \u00f6sszes elem nagy mennyis\u00e9gben jelen van, \u00e9s nagyon pozit\u00edv hat\u00e1ssal vannak szervezet\u00fcnkre.<\/span><\/p>\n<p><span style=\"color: #000000\"><strong>A Polyporus umbellatus:<\/strong><\/span><\/p>\n<p><span style=\"color: #000000\"> \ud83d\udc9a seg\u00edt vese- \u00e9s m\u00e1jprobl\u00e9m\u00e1k eset\u00e9n,<\/span><br \/>\n<span style=\"color: #000000\"> \ud83d\udc9a seg\u00edt h\u00fcvelyi foly\u00e1s eset\u00e9n,<\/span><br \/>\n<span style=\"color: #000000\"> \ud83d\udc9a daganatellenes hat\u00e1s\u00fa,<\/span><br \/>\n<span style=\"color: #000000\"> \ud83d\udc9a Serkenti \u00e9s er\u0151s\u00edti az immunrendszert,<\/span><br \/>\n<span style=\"color: #000000\"> \ud83d\udc9a Tomp\u00edtja a kemoter\u00e1pia hat\u00e1sait \u00e9s ez\u00e1ltal jav\u00edtja a daganatos betegek \u00e9let\u00e9t.<\/span><\/p>\n<p><span style=\"color: #000000\">A gomb\u00e1ban tal\u00e1lhat\u00f3 \u00f6sszes elem nagy mennyis\u00e9gben jelen van, \u00e9s nagyon pozit\u00edv hat\u00e1ssal vannak szervezet\u00fcnkre.<\/span><\/p>\n<p><span style=\"color: #000000\">\u00c9s ami itt rendk\u00edv\u00fcl fontos, hogy a Polyporus umbellatus egy <strong>100% term\u00e9szetes term\u00e9k<\/strong>, amely term\u00e9szetes m\u00f3don seg\u00edthet nek\u00fcnk. Jav\u00edtja probl\u00e9m\u00e1ink t\u00fcneteit \u00e9s pozit\u00edvan hat az \u00e1ltal\u00e1nos k\u00f6z\u00e9rzetre.<\/span><\/p>\n<h2><span style=\"color: #000000\">Mi\u00e9rt pont a gomb\u00e1k?<\/span><\/h2>\n<p><span style=\"color: #000000\">A gomb\u00e1k nagyon \u00e9rdekesek. Sem n\u00f6v\u00e9nyek, sem \u00e1llatok, de minden bizonnyal hihetetlen organizmusok, amelyeknek m\u00e1r szinte a vil\u00e1g kezdete \u00f3ta siker\u00fclt t\u00fal\u00e9lni\u00fck. Kifejlesztettek egy k\u00fcl\u00f6nleges t\u00fal\u00e9l\u00e9si strat\u00e9gi\u00e1t, amely a mai napig \u00e9letben tartja \u0151ket. Az emberek is profit\u00e1lhatnak ezekb\u0151l az el\u0151ny\u00f6kb\u0151l, ha gy\u00f3gygomb\u00e1kat fogyasztanak. Fizikai szinten egyens\u00falyba hoznak benn\u00fcnket, \u00e9s sz\u00e1mos betegs\u00e9gt\u0151l megv\u00e9denek. Lehetnek<strong> prevent\u00edvek<\/strong>, de <strong> t\u00e1mogathatj\u00e1k is<\/strong> sz\u00e1mos modern betegs\u00e9g hagyom\u00e1nyos vagy m\u00e1s nem hagyom\u00e1nyos kezel\u00e9s\u00e9t. A gomb\u00e1k a r\u00e1kos megbeteged\u00e9sekre, az autoimmun betegs\u00e9gekre \u00e9s az allergi\u00e1k kezel\u00e9s\u00e9re gyakorolt hat\u00e1sukr\u00f3l ismertek. J\u00f3 hat\u00e1ssal vannak az immunrendszer eg\u00e9szs\u00e9ges \u00e9s er\u0151s reag\u00e1l\u00f3k\u00e9pess\u00e9g\u00e9re is. Az elm\u00falt \u00e9vtizedekben, amikor a gomb\u00e1k a nyugati vil\u00e1gban \u00e9rdekess\u00e9 v\u00e1ltak, az orvosi kutat\u00e1sok sz\u00e1mos ter\u00e1pi\u00e1s hat\u00e1st igazoltak.<\/span><\/p>\n<p><span style=\"color: #000000\">Mivel bizonyos term\u00e9szetes hat\u00f3anyagok em\u00e9szthetetlenek vagy nehezen em\u00e9szthet\u0151k sz\u00e1munkra, nagyon fontos, hogy csak a legjobb gombaport fogyasszuk. A gomb\u00e1t megfelel\u0151en kell termeszteni, sz\u00e1r\u00edtani \u00e9s el\u0151k\u00e9sz\u00edteni. Finom, csom\u00f3mentes porr\u00e1 kell \u0151ket \u0151r\u00f6lni. A por sz\u00edne vil\u00e1gosabb, de ez att\u00f3l is f\u00fcgg, hogy milyen gomb\u00e1t fogyasztunk. Mivel a gomb\u00e1k \u00e9ppen az\u00e9rt olyan hat\u00e9konyak, mert k\u00e9pesek mindent \u2013 j\u00f3t \u00e9s rosszat \u2013 felsz\u00edvni a k\u00f6rnyezetb\u0151l, ez\u00e9rt fontos, hogy csak biotermeszt\u00e9s\u0171eket fogyasszunk.<\/span><\/p>\n<h2><span style=\"color: #000000\">Csomagol\u00e1s<\/span><\/h2>\n<p><span style=\"color: #000000\">L\u00e9gmentesen z\u00e1rhat\u00f3 tasak, amelyben a term\u00e9k meg\u0151rzi minden frissess\u00e9g\u00e9t \u00e9s arom\u00e1j\u00e1t. A csomagol\u00e1s v\u00e9d a f\u00e9nyt\u0151l \u00e9s a leveg\u0151t\u0151l, mivel t\u00f6bb v\u00e9d\u0151r\u00e9tegb\u0151l \u00e1ll, amelyek meg\u0151rzik a tartalom tulajdons\u00e1gait.<\/span><\/p>\n<p><span style=\"color: #000000\">A csomagol\u00e1s nagyon praktikus \u00e9s \u00fajrahasznos\u00edthat\u00f3.<\/span><\/p>\n<h2><span style=\"color: #000000\">T\u00e1rol\u00e1s \u00e9s figyelmeztet\u00e9sek<\/span><\/h2>\n<p><span style=\"color: #000000\">Sz\u00e1raz \u00e9s h\u0171v\u00f6s helyen t\u00e1roland\u00f3. A t\u00e1pl\u00e1l\u00e9k-kieg\u00e9sz\u00edt\u0151t gyermekekt\u0151l elz\u00e1rva kell tartani!<\/span><\/p>\n<p><span style=\"color: #000000\">Ne feledkezz\u00fcnk meg a v\u00e1ltozatos \u00e9trend \u00e9s az eg\u00e9szs\u00e9ges \u00e9letm\u00f3d fontoss\u00e1g\u00e1r\u00f3l, az \u00e9trend-kieg\u00e9sz\u00edt\u0151 ez\u00e9rt nem helyettes\u00edti a kiegyens\u00falyozott \u00e9s v\u00e1ltozatos \u00e9trendet. Az aj\u00e1nlott napi mennyis\u00e9get vagy adagot nem szabad t\u00fall\u00e9pni. Terhes \u00e9s szoptat\u00f3 any\u00e1knak mindig tan\u00e1csos orvoshoz fordulni haszn\u00e1lat el\u0151tt.<\/span><\/p>\n<h2><span style=\"color: #000000\">J\u00f3 tudni<\/span><\/h2>\n<p><span style=\"color: #000000\">A term\u00e9k \u00e1llatok sz\u00e1m\u00e1ra is alkalmas. A legt\u00f6bb esetben a gy\u00f3gygomb\u00e1k rendk\u00edv\u00fcl hat\u00e9konynak bizonyulnak az immunrendszer er\u0151s\u00edt\u00e9s\u00e9ben, az allergi\u00e1k \u00e9s b\u0151rbetegs\u00e9gek, valamint a v\u00edrusos \u00e9s bakteri\u00e1lis fert\u0151z\u00e9sek megsz\u00fcntet\u00e9s\u00e9ben. Haszn\u00e1lat el\u0151tt konzult\u00e1ljon \u00e1llatorvos\u00e1val a fogyaszt\u00e1s megfelel\u0151s\u00e9g\u00e9r\u0151l \u00e9s az aj\u00e1nlott napi mennyis\u00e9gr\u0151l.<\/span><\/p>\n<h2><span style=\"color: #000000\">Sz\u00e1rmaz\u00e1si orsz\u00e1g<\/span><\/h2>\n<p><span style=\"color: #000000\">K\u00edna<\/span><\/p>\n<p><span style=\"color: #000000\">Nagyon megb\u00edzhat\u00f3 besz\u00e1ll\u00edt\u00f3ink vannak, akik minden t\u00e9telhez r\u00e9szletes k\u00e9miai elemz\u00e9st k\u00fcldenek az \u00e9lelmiszerekr\u0151l. T\u00f6bb mint t\u00edz \u00e9v alatt nem kaptunk semmilyen reklam\u00e1ci\u00f3t vagy panaszt sem ezzel, sem az ugyanazon besz\u00e1ll\u00edt\u00f3t\u00f3l sz\u00e1rmaz\u00f3 egy\u00e9b term\u00e9kekkel kapcsolatban.<\/span><\/p>\n<p><span style=\"color: #000000\">A term\u00e9k 100% bio tan\u00fas\u00edtv\u00e1nnyal rendelkezik.<\/span><\/p>\n","protected":false},"excerpt":{"rendered":"<p align=\"JUSTIFY\">A Polyporus umbellatus ehet\u0151, de v\u00e9dett gomba, kin\u00e9zete a karfiolhoz hasonl\u00edt. A f\u00f6ld feletti felsz\u00edn\u00e9n l\u00e9v\u0151 r\u00e9sz (a riz\u00f3m\u00e1k) f\u0151z\u00e9sre szolg\u00e1l, a f\u00f6ld alatti r\u00e9sz (a szkler\u00f3cium) pedig gy\u00f3gyhat\u00e1s\u00fa. Egy sokat kutatott gy\u00f3gygomba, mivel sz\u00e1mos olyan <strong>bioakt\u00edv vegy\u00fcletet<\/strong> tartalmaz, amelyek bizony\u00edtottan daganat- \u00e9s r\u00e1kellenes hat\u00e1ssal rendelkeznek.<\/p>\n<p><span style=\"color: #000000\"> \ud83d\udc9a Kiv\u00e1l\u00f3 antioxid\u00e1ns forr\u00e1s.<br \/>\n\ud83d\udc9a Serkenti \u00e9s er\u0151s\u00edti az immunrendszert.<br \/>\n\ud83d\udc9a Seg\u00edt vese- \u00e9s m\u00e1jprobl\u00e9m\u00e1k eset\u00e9n.<br \/>\n\ud83d\udc9a Daganatellenes hat\u00e1s\u00fa.<\/span><\/p>\n","protected":false},"featured_media":6011,"comment_status":"open","ping_status":"closed","template":"","meta":{"_acf_changed":false},"product_brand":[],"product_cat":[224,229,225],"product_tag":[],"class_list":{"0":"post-6010","1":"product","2":"type-product","3":"status-publish","4":"has-post-thumbnail","6":"product_cat-ajanlat","7":"product_cat-gyogygombak","8":"product_cat-minden-termek","10":"first","11":"instock","12":"sale","13":"taxable","14":"shipping-taxable","15":"purchasable","16":"product-type-simple"},"acf":[],"_links":{"self":[{"href":"https:\/\/fengchashop.com\/hu\/wp-json\/wp\/v2\/product\/6010","targetHints":{"allow":["GET"]}}],"collection":[{"href":"https:\/\/fengchashop.com\/hu\/wp-json\/wp\/v2\/product"}],"about":[{"href":"https:\/\/fengchashop.com\/hu\/wp-json\/wp\/v2\/types\/product"}],"replies":[{"embeddable":true,"href":"https:\/\/fengchashop.com\/hu\/wp-json\/wp\/v2\/comments?post=6010"}],"wp:featuredmedia":[{"embeddable":true,"href":"https:\/\/fengchashop.com\/hu\/wp-json\/wp\/v2\/media\/6011"}],"wp:attachment":[{"href":"https:\/\/fengchashop.com\/hu\/wp-json\/wp\/v2\/media?parent=6010"}],"wp:term":[{"taxonomy":"product_brand","embeddable":true,"href":"https:\/\/fengchashop.com\/hu\/wp-json\/wp\/v2\/product_brand?post=6010"},{"taxonomy":"product_cat","embeddable":true,"href":"https:\/\/fengchashop.com\/hu\/wp-json\/wp\/v2\/product_cat?post=6010"},{"taxonomy":"product_tag","embeddable":true,"href":"https:\/\/fengchashop.com\/hu\/wp-json\/wp\/v2\/product_tag?post=6010"}],"curies":[{"name":"wp","href":"https:\/\/api.w.org\/{rel}","templated":true}]}}