{"id":7288,"date":"2026-04-15T04:52:11","date_gmt":"2026-04-15T02:52:11","guid":{"rendered":"https:\/\/fengchashop.com\/fi\/product\/kurkumin-c3-kompleks-v-tekocini-150-ml\/"},"modified":"2026-04-25T10:23:46","modified_gmt":"2026-04-25T08:23:46","slug":"kurkumiini-c3-kompleksi-nestemaisena","status":"publish","type":"product","link":"https:\/\/fengchashop.com\/fi\/product\/kurkumiini-c3-kompleksi-nestemaisena\/","title":{"rendered":"Kurkumiini C3 -kompleksi nestem\u00e4isen\u00e4 150 ml"},"content":{"rendered":"<h2><strong>Kurkumiini C3 -kompleksi nestem\u00e4isen\u00e4<\/strong><\/h2>\n<p><strong>Kurkumiini C3 -kompleksi nestem\u00e4isen\u00e4<\/strong> on moderni ravintolis\u00e4, joka on suunniteltu tukemaan kehoa, suojaamaan soluja ja edist\u00e4m\u00e4\u00e4n yleist\u00e4 elinvoimaa. Se sis\u00e4lt\u00e4\u00e4 korkealaatuista kurkumiinia edistyksellisess\u00e4 muodossa, joka mahdollistaa hyv\u00e4n hy\u00f6tyosuuden ja tehokkaan toiminnan kehossa.<\/p>\n<p>Kurkumiini toimii antioksidanttina ja auttaa suojaamaan soluja oksidatiiviselta stressilt\u00e4, samalla kun se tukee immuunij\u00e4rjestelm\u00e4\u00e4 ja kehon yleist\u00e4 tasapainoa. Lis\u00e4tty C-vitamiini edist\u00e4\u00e4 immuunij\u00e4rjestelm\u00e4n toimintaa ja parantaa raudan imeytymist\u00e4.<\/p>\n<p>Nestem\u00e4inen muoto mahdollistaa helpon k\u00e4yt\u00f6n ja hyv\u00e4n imeytymisen, ja miellytt\u00e4v\u00e4 omenan maku takaa miellytt\u00e4v\u00e4n p\u00e4ivitt\u00e4isen nauttimisen.<\/p>\n<h2><strong>Miten se toimii?<\/strong><\/h2>\n<p>Kurkumiini auttaa suojaamaan soluja vapaiden radikaalien vaikutuksilta ja tukee kehon luonnollisia prosesseja. Yhdess\u00e4 C-vitamiinin kanssa se edist\u00e4\u00e4 hyvinvointia, tukee immuunij\u00e4rjestelm\u00e4\u00e4 ja suojaa elimist\u00f6\u00e4.<\/p>\n<h2><strong>Mit\u00e4 se sis\u00e4lt\u00e4\u00e4?<\/strong><\/h2>\n<p><strong><span class=\"ml-1\"><span style=\"color: #000000\">\ud83d\udc9a <\/span><\/span>Kurkumin C3 Kompleks\u00ae<\/strong><\/p>\n<p><strong><span class=\"ml-1\"><span style=\"color: #000000\">\ud83d\udc9a <\/span><\/span>C-vitamiini<\/strong><\/p>\n<ul>\n<li>edist\u00e4\u00e4 immuunij\u00e4rjestelm\u00e4n normaalia toimintaa<\/li>\n<li>auttaa suojaamaan soluja oksidatiiviselta stressilt\u00e4<\/li>\n<li>auttaa v\u00e4hent\u00e4m\u00e4\u00e4n v\u00e4symyst\u00e4 ja uupumusta<\/li>\n<li>auttaa normaalia energia-aineenvaihduntaa<\/li>\n<li>auttaa hermoston normaalia toimintaa<\/li>\n<li>auttaa normaalia psyykkist\u00e4 toimintaa<\/li>\n<li>edist\u00e4\u00e4 immuunij\u00e4rjestelm\u00e4n normaalia toimintaa intensiivisen fyysisen rasituksen aikana ja sen j\u00e4lkeen<\/li>\n<li>edist\u00e4\u00e4 kollageenin normaalia muodostumista<\/li>\n<li>edist\u00e4\u00e4 pelkistetyn E-vitamiinin palautumista<\/li>\n<li>lis\u00e4\u00e4 raudan imeytymist\u00e4<\/li>\n<\/ul>\n<p><strong><span class=\"ml-1\"><span style=\"color: #000000\">\ud83d\udc9a <\/span><\/span>D3-vitamiini<\/strong><\/p>\n<ul>\n<li>edist\u00e4\u00e4 kalsiumin ja fosforin normaalia imeytymist\u00e4 ja hy\u00f6dynt\u00e4mist\u00e4<\/li>\n<li>edist\u00e4\u00e4 normaalia kalsiumpitoisuutta veress\u00e4<\/li>\n<li>edist\u00e4\u00e4 luuston terveytt\u00e4<\/li>\n<li>edist\u00e4\u00e4 lihasten normaalia toimintaa<\/li>\n<li>edist\u00e4\u00e4 hampaiden terveytt\u00e4<\/li>\n<li>edist\u00e4\u00e4 immuunij\u00e4rjestelm\u00e4n normaalia toimintaa<\/li>\n<li>vaikuttaa solujen jakautumiseen<\/li>\n<\/ul>\n<h2><strong>Miksi valita nestem\u00e4inen kurkumiini C3 -kompleksi?<\/strong><\/h2>\n<ul>\n<li>edistyksellinen muoto, joka imeytyy hyvin<\/li>\n<li>edist\u00e4\u00e4 immuunij\u00e4rjestelm\u00e4n normaalia toimintaa<\/li>\n<li>tukee immuunij\u00e4rjestelm\u00e4\u00e4 ja solujen suojaa<\/li>\n<li>sis\u00e4lt\u00e4\u00e4 lis\u00e4tty\u00e4 C-vitamiinia<\/li>\n<li>nestem\u00e4inen muoto helpottaa k\u00e4ytt\u00f6\u00e4<\/li>\n<li>miellytt\u00e4v\u00e4 omenan maku<\/li>\n<li>sopii vegaaneille<\/li>\n<li>ei sis\u00e4ll\u00e4 gluteenia, laktoosia eik\u00e4 GMO:ta<\/li>\n<\/ul>\n<h2 style=\"text-align: justify\"><span style=\"color: #000000\">S\u00e4ilytys ja varoitukset<\/span><\/h2>\n<p>S\u00e4ilyt\u00e4 kuivassa ja pime\u00e4ss\u00e4 paikassa enint\u00e4\u00e4n 25 \u00b0C:n l\u00e4mp\u00f6tilassa. Avaa pakkaus ja s\u00e4ilyt\u00e4 j\u00e4\u00e4kaapissa.<\/p>\n<p>Muista monipuolisen ruokavalion ja terveellisten el\u00e4m\u00e4ntapojen merkitys. Ravintolis\u00e4 ei korvaa tasapainoista ja monipuolista ruokavaliota. Suositeltua p\u00e4ivitt\u00e4ist\u00e4 annosta ei saa ylitt\u00e4\u00e4. S\u00e4ilyt\u00e4 lasten ulottumattomissa!<\/p>\n<h2><span style=\"color: #000000\">Pakkaus<\/span><\/h2>\n<p>Laadukas tumma muovipullo on suunniteltu suojaamaan nestem\u00e4isi\u00e4 vitamiineja ja kivenn\u00e4isaineita mahdollisimman tehokkaasti. Se suojaa sis\u00e4lt\u00f6\u00e4 valolta, ilmalta ja ulkoisilta vaikutuksilta sek\u00e4 auttaa s\u00e4ilytt\u00e4m\u00e4\u00e4n tuotteen tuoreuden, vakauden ja tehokkuuden koko k\u00e4ytt\u00f6ajan ajan.<\/p>\n<p>Pakkaus on eritt\u00e4in k\u00e4yt\u00e4nn\u00f6llinen ja kierr\u00e4tett\u00e4v\u00e4.<\/p>\n<h2>Alkuper\u00e4<\/h2>\n<p>EU<\/p>\n","protected":false},"excerpt":{"rendered":"<p><strong>Kurkumin C3 -kompleksi nestem\u00e4isen\u00e4<\/strong> on edistyksellinen ravintolis\u00e4, joka sis\u00e4lt\u00e4\u00e4 biologisesti hyvin saatavilla olevaa kurkumiinia ja on suunniteltu tukemaan solujen suojaa, immuunij\u00e4rjestelm\u00e4\u00e4 ja yleist\u00e4 hyvinvointia.<\/p>\n<p><span class=\"ml-1\"><span style=\"color: #000000\">\ud83d\udc9a <\/span><\/span>korkea biologinen hy\u00f6tyosuus tehokasta toimintaa varten<\/p>\n<p><span class=\"ml-1\"><span style=\"color: #000000\">\ud83d\udc9a <\/span><\/span>edist\u00e4\u00e4 immuunij\u00e4rjestelm\u00e4n normaalia toimintaa<\/p>\n<p><span class=\"ml-1\"><span style=\"color: #000000\">\ud83d\udc9a <\/span><\/span>auttaa suojaamaan soluja oksidatiiviselta stressilt\u00e4<\/p>\n<p><span class=\"ml-1\"><span style=\"color: #000000\">\ud83d\udc9a <\/span><\/span>nestem\u00e4inen muoto helpottaa k\u00e4ytt\u00f6\u00e4 ja imeytymist\u00e4<\/p>\n<p><span class=\"ml-1\"><span style=\"color: #000000\">\ud83d\udc9a <\/span><\/span>sopii vegaaneille<\/p>\n<p><span class=\"ml-1\"><span style=\"color: #000000\">\ud83d\udc9a <\/span><\/span>gluteeniton, laktoositon ja GMO-vapaa<\/p>\n","protected":false},"featured_media":7287,"comment_status":"open","ping_status":"closed","template":"","meta":{"_acf_changed":false},"product_brand":[],"product_cat":[15,225,229,224,236],"product_tag":[],"class_list":{"0":"post-7288","1":"product","2":"type-product","3":"status-publish","4":"has-post-thumbnail","6":"product_cat-uncategorized","7":"product_cat-kaikki-tuotteet","8":"product_cat-mineraalit-ja-vitamiinit","9":"product_cat-tarjous","10":"product_cat-uutuus","12":"first","13":"instock","14":"sale","15":"taxable","16":"shipping-taxable","17":"purchasable","18":"product-type-simple"},"acf":[],"_links":{"self":[{"href":"https:\/\/fengchashop.com\/fi\/wp-json\/wp\/v2\/product\/7288","targetHints":{"allow":["GET"]}}],"collection":[{"href":"https:\/\/fengchashop.com\/fi\/wp-json\/wp\/v2\/product"}],"about":[{"href":"https:\/\/fengchashop.com\/fi\/wp-json\/wp\/v2\/types\/product"}],"replies":[{"embeddable":true,"href":"https:\/\/fengchashop.com\/fi\/wp-json\/wp\/v2\/comments?post=7288"}],"wp:featuredmedia":[{"embeddable":true,"href":"https:\/\/fengchashop.com\/fi\/wp-json\/wp\/v2\/media\/7287"}],"wp:attachment":[{"href":"https:\/\/fengchashop.com\/fi\/wp-json\/wp\/v2\/media?parent=7288"}],"wp:term":[{"taxonomy":"product_brand","embeddable":true,"href":"https:\/\/fengchashop.com\/fi\/wp-json\/wp\/v2\/product_brand?post=7288"},{"taxonomy":"product_cat","embeddable":true,"href":"https:\/\/fengchashop.com\/fi\/wp-json\/wp\/v2\/product_cat?post=7288"},{"taxonomy":"product_tag","embeddable":true,"href":"https:\/\/fengchashop.com\/fi\/wp-json\/wp\/v2\/product_tag?post=7288"}],"curies":[{"name":"wp","href":"https:\/\/api.w.org\/{rel}","templated":true}]}}